{"id":468,"date":"2023-07-07T22:08:37","date_gmt":"2023-07-07T20:08:37","guid":{"rendered":"https:\/\/www.heidi-feldenkrais.de\/sample-page\/?page_id=468"},"modified":"2026-03-13T07:54:36","modified_gmt":"2026-03-13T06:54:36","slug":"angebot","status":"publish","type":"page","link":"https:\/\/www.heidi-feldenkrais.de\/sample-page\/?page_id=468","title":{"rendered":"Angebot"},"content":{"rendered":"<p>[et_pb_section fb_built=&#8220;1&#8243; fullwidth=&#8220;on&#8220; _builder_version=&#8220;4.27.5&#8243; _module_preset=&#8220;default&#8220; background_image=&#8220;http:\/\/www.heidi-feldenkrais.de\/wp-content\/uploads\/2024\/02\/9IMG_5850-scaled.jpg&#8220; global_colors_info=&#8220;{}&#8220;][et_pb_fullwidth_slider show_arrows=&#8220;off&#8220; show_pagination=&#8220;off&#8220; _builder_version=&#8220;4.27.5&#8243; _module_preset=&#8220;default&#8220; header_text_color=&#8220;#FFFFFF&#8220; body_font=&#8220;Lato||||||||&#8220; body_text_color=&#8220;#C6D7EB&#8220; background_image=&#8220;http:\/\/www.heidi-feldenkrais.de\/wp-content\/uploads\/2024\/02\/9IMG_5850-scaled.jpg&#8220; global_colors_info=&#8220;{}&#8220;][et_pb_slide heading=&#8220;A N G E B O T&#8220; _builder_version=&#8220;4.27.5&#8243; _module_preset=&#8220;default&#8220; header_level=&#8220;h3&#8243; header_font=&#8220;||||||||&#8220; header_text_color=&#8220;#D9A5B3&#8243; header_font_size=&#8220;77px&#8220; body_font=&#8220;Sacramento||||||||&#8220; body_text_color=&#8220;#C6D7EB&#8220; body_font_size=&#8220;32px&#8220; background_color=&#8220;#FFFFFF&#8220; background_enable_color=&#8220;on&#8220; background_image=&#8220;http:\/\/www.heidi-feldenkrais.de\/wp-content\/uploads\/2024\/02\/9IMG_5850-scaled.jpg&#8220; background_enable_image=&#8220;on&#8220; global_colors_info=&#8220;{}&#8220; sticky_transition=&#8220;on&#8220;]<\/p>\n<p style=\"text-align: right;\">\u00a0&#8222;Alles Leben ist Bewegung. Beweglicher<br \/>werden hei\u00dft lebendiger werden:<br \/>K\u00f6rperlich, geistig und seelisch.&#8220;<br \/>Mosh\u00e9 Feldenkrais<\/p>\n<p style=\"text-align: left;\">[\/et_pb_slide][et_pb_slide heading=&#8220;A N G E B O T&#8220; _builder_version=&#8220;4.27.5&#8243; _module_preset=&#8220;default&#8220; header_level=&#8220;h3&#8243; header_font=&#8220;||||||||&#8220; header_text_color=&#8220;#D9A5B3&#8243; header_font_size=&#8220;77px&#8220; body_font=&#8220;Sacramento||||||||&#8220; body_text_color=&#8220;#C6D7EB&#8220; body_font_size=&#8220;32px&#8220; background_color=&#8220;#FFFFFF&#8220; background_enable_color=&#8220;on&#8220; background_image=&#8220;http:\/\/www.heidi-feldenkrais.de\/wp-content\/uploads\/2024\/02\/20IMG_5920-scaled.jpg&#8220; background_enable_image=&#8220;on&#8220; global_colors_info=&#8220;{}&#8220; sticky_transition=&#8220;on&#8220;]<\/p>\n<p style=\"text-align: right;\">\u00a0&#8222;Alles Leben ist Bewegung. Beweglicher<br \/>werden hei\u00dft lebendiger werden:<br \/>K\u00f6rperlich, geistig und seelisch.&#8220;<br \/>Mosh\u00e9 Feldenkrais<\/p>\n<p style=\"text-align: left;\">[\/et_pb_slide][\/et_pb_fullwidth_slider][\/et_pb_section][et_pb_section fb_built=&#8220;1&#8243; admin_label=&#8220;Header&#8220; _builder_version=&#8220;4.27.5&#8243; _module_preset=&#8220;default&#8220; background_color=&#8220;#F5F1ED&#8220; collapsed=&#8220;on&#8220; global_colors_info=&#8220;{}&#8220;][et_pb_row _builder_version=&#8220;4.27.5&#8243; _module_preset=&#8220;default&#8220; background_color=&#8220;#F5F1ED&#8220; custom_margin=&#8220;-2px|auto||auto|false|false&#8220; custom_padding=&#8220;||0px|||&#8220; global_colors_info=&#8220;{}&#8220;][et_pb_column type=&#8220;4_4&#8243; _builder_version=&#8220;4.23.1&#8243; _module_preset=&#8220;default&#8220; global_colors_info=&#8220;{}&#8220;][et_pb_text _builder_version=&#8220;4.27.5&#8243; _module_preset=&#8220;default&#8220; header_text_color=&#8220;#C6D7EB&#8220; background_color=&#8220;#F5F1ED&#8220; custom_padding=&#8220;||0px|||&#8220; inline_fonts=&#8220;Lato&#8220; global_colors_info=&#8220;{}&#8220;]<\/p>\n<h1 style=\"text-align: center;\"><span style=\"color: #d9a5b3;\"><span style=\"caret-color: #d9a5b3;\"><b>Gruppen- Kurse &#8222;<\/b><\/span><span style=\"caret-color: #d9a5b3;\"><b>Bewusstheit durch Bewegung&#8220;<\/b><\/span><\/span><\/h1>\n<h4><\/h4>\n<h4 style=\"text-align: justify;\"><span style=\"color: #4a536b; font-family: Lato;\">In kleinen Gruppen erforschen wir w\u00f6chentlich Bewegung mit Aufmerksamkeit und Pr\u00e4senz f\u00fcr deine pers\u00f6nlichen Erfahrungen.<br \/>Langsame, bewusste Bewegungen laden dich ein, zu sp\u00fcren, wie Bewegung sich anf\u00fchlt und welche neuen M\u00f6glichkeiten sich f\u00fcr dich er\u00f6ffnen.\u00a0<br \/><\/span><span style=\"color: #4a536b; font-family: Lato; font-size: 18px; text-align: left;\">Ein Einstieg in laufende Kurse oder eine unverbindliche Kennenlernstunde ist nach Absprache jederzeit m\u00f6glich.<\/span><\/h4>\n<p><i style=\"color: #4a536b; font-size: 14px;\">Die Kursgeb\u00fchr ist im\u00a0<\/i><i>Voraus<\/i><i style=\"color: #4a536b; font-size: 14px;\">\u00a0zu bezahlen. Bei Vers\u00e4umnis oder vorzeitiger Beendigung des Kurses besteht kein Anspruch auf Erstattung.\u00a0<\/i><em style=\"font-size: 14px; color: #4a536b;\">Es gelten die \u00a0<strong><span style=\"color: #4a536b;\">AGB`s<\/span>.<\/strong><\/em><strong style=\"font-size: 14px; color: #4a536b;\">\u00a0<\/strong><\/p>\n<p><span style=\"color: #4a536b;\"><\/span><\/p>\n<p>[\/et_pb_text][\/et_pb_column][\/et_pb_row][et_pb_row column_structure=&#8220;3_5,2_5&#8243; _builder_version=&#8220;4.27.5&#8243; _module_preset=&#8220;default&#8220; global_colors_info=&#8220;{}&#8220;][et_pb_column type=&#8220;3_5&#8243; _builder_version=&#8220;4.21.0&#8243; _module_preset=&#8220;default&#8220; global_colors_info=&#8220;{}&#8220;][et_pb_text _builder_version=&#8220;4.27.3&#8243; _module_preset=&#8220;default&#8220; global_colors_info=&#8220;{}&#8220;]<\/p>\n<p><strong style=\"font-size: 14px;\"><\/strong><\/p>\n<h1 style=\"text-align: center;\"><span style=\"color: #d9a5b3;\"><span style=\"caret-color: #d9a5b3;\"><b>Gruppen- Kurs- Termine<\/b><\/span><\/span><\/h1>\n<p><strong style=\"font-size: 26px;\"><span style=\"text-decoration: underline;\">MITTWOCH \u00a09.30 &#8211; 10.30 UHR \u00a0oder 11 &#8211; 12 Uhr oder\u00a018 &#8211; 19 UHR\u00a0<br \/><\/span><\/strong><strong style=\"font-size: 14px;\"><strong style=\"font-size: 14px;\"><em><strong><span style=\"text-decoration: underline;\"><br \/>M\u00c4RZ KURS 2026<br \/><\/span><\/strong><\/em><\/strong><\/strong><strong style=\"font-size: 14px;\"><strong style=\"font-size: 14px;\"><em><strong>5 Termine \/ 75,- EUR (inkl. MwSt)<br \/><\/strong><\/em><\/strong><\/strong><strong style=\"font-size: 14px;\"><strong style=\"font-size: 14px;\"><em><strong>( 25.2. + 4.3. + 11.3. + 18.3. + 25.3. )<br \/><\/strong><\/em><\/strong><\/strong><span style=\"color: #ed6d88;\"><span style=\"color: #c6d7eb;\"><strong style=\"font-size: 14px;\"><strong style=\"font-size: 14px;\"><em><strong>09:30 &#8211; 10.30 Uhr AUSGEBUCHT<\/strong><\/em><\/strong><\/strong><\/span><strong style=\"font-size: 14px;\"><strong style=\"font-size: 14px;\"><em><strong><br \/><\/strong><\/em><\/strong><\/strong><span style=\"color: #c6d7eb;\"><strong style=\"font-size: 14px;\"><strong style=\"font-size: 14px;\"><em><strong>18:00 &#8211; 19:00 Uhr AUSGEBUCHT<\/strong><\/em><\/strong><\/strong><\/span><\/span><\/p>\n<p><strong style=\"font-size: 14px;\"><em><strong><span style=\"text-decoration: underline;\">APRIL KURS 2026<\/span><br \/>5 Termine \/ 75,- EUR (inkl. MwSt)<br \/>( 22.4. + 29.4. + 6.5. + 13.5. + 20.5. )<\/strong><\/em><\/strong><\/p>\n<p><strong style=\"font-size: 14px;\"><em><strong><span style=\"text-decoration: underline;\">Juni\/ Juli KURS 2026<br \/><\/span><\/strong><\/em><\/strong><strong style=\"font-size: 14px;\"><em><strong>7 Termine \/ 105,- EUR (inkl. MwSt)<br \/><\/strong><\/em><\/strong><strong style=\"font-size: 14px;\"><em><strong>( 10.6. + 17.6. + 24.6. + 1.7. + 8.7. 15.7. + 22.7. )<\/strong><\/em><\/strong><\/p>\n<p><strong style=\"font-size: 14px;\"><em><strong><span style=\"text-decoration: underline;\">SEPTEMBER KURS 2026<br \/><\/span>6 Termine \/ 90,- EUR (inkl. MwSt)<br \/>( 16.9. + 23.9. + 30.9. + 7.10. + 14.10. + 21.10. )<\/strong><\/em><\/strong><\/p>\n<p><strong style=\"font-size: 14px;\"><em><strong><span style=\"text-decoration: underline;\">NOVEMBER KURS 2026<br \/><\/span>6 Termine \/ 90,- EUR (inkl. MwSt)<br \/>( 4.11. + 11.11. + 18.11. + 25.11. + 2.12. + 9.12.)<br \/><\/strong><\/em><\/strong><\/p>\n<p><strong style=\"font-size: 14px;\"><strong><\/strong><\/strong><\/p>\n<p><strong><span style=\"font-size: 26px; text-decoration: underline;\">DONNERSTAG 9:00 &#8211; 10:00 UHR <br \/>oder 18 &#8211; 19 UHR<\/span><\/strong><\/p>\n<p><strong style=\"font-size: 14px;\"><\/strong><strong style=\"font-size: 14px;\"><em><strong><span style=\"text-decoration: underline;\">M\u00c4RZ KURS 2026<br \/><\/span><\/strong><\/em><\/strong><strong style=\"font-size: 14px;\"><em><strong>5 Termine \/ 75,- EUR (inkl. MwSt)<br \/><\/strong><\/em><\/strong><strong style=\"font-size: 14px;\"><em><strong>(26.2. + 5.3. + 12.3. + 19.3. + 26.3. )<br \/><span style=\"color: #c6d7eb;\">09:00 &#8211; 10:00 Uhr WARTELISTE<br \/>18:00 &#8211; 19:00 Uhr noch 1 FREIER PLATZ<\/span><br \/><\/strong><\/em><\/strong><\/p>\n<p><strong style=\"font-size: 14px;\"><em><strong> <\/strong><\/em><\/strong><\/p>\n<p><strong style=\"font-size: 14px;\"><em><strong><span style=\"text-decoration: underline;\">APRIL KURS 2026<\/span><br \/>4 Termine \/ 60,- EUR (inkl. MwSt)<br \/>( 23.4. + 30.4. + 7.5. + 21.5. )<\/strong><\/em><\/strong><\/p>\n<p><strong style=\"font-size: 14px;\"><em><strong><span style=\"text-decoration: underline;\">Juni\/ Juli KURS 2026<br \/><\/span>7 Termine \/ 105,- EUR (inkl. MwSt)<br \/>( 11.6. + 18.6. + 25.6. + 2.7. + 9.7. + 16.7. + 23.7. )<br \/><\/strong><\/em><\/strong><\/p>\n<p><strong style=\"font-size: 14px;\"><em><strong><span style=\"text-decoration: underline;\">SEPTEMBER KURS 2026<br \/><\/span>6 Termine \/ 90,- EUR (inkl. MwSt)<br \/>( 17.9. + 24.9. + 1.10. + 8.10. + 15.10. + 22.10. )<\/strong><\/em><\/strong><\/p>\n<p><strong style=\"font-size: 14px;\"><em><strong> <\/strong><\/em><\/strong><\/p>\n<p><strong style=\"font-size: 14px;\"><em><strong><span style=\"text-decoration: underline;\">NOVEMBER KURS 2026<br \/><\/span>6 Termine \/ 90,- EUR (inkl. MwSt)<br \/>( 5.11. + 12.11. + 19.11. + 26.11. + 3.12. + 10.12.)<\/strong><\/em><\/strong><\/p>\n<p><strong style=\"font-size: 14px;\"><em><strong> <\/strong><\/em><\/strong><\/p>\n<h3><span style=\"text-decoration: underline;\"><strong style=\"font-size: 14px;\"><strong>KURS IN NEUENB\u00dcRG<br \/><\/strong><\/strong><\/span><strong style=\"font-size: 14px;\"><strong>ab 04. M\u00e4rz 2026 Infos auf\u00a0<\/strong><\/strong><span style=\"font-size: 14px;\"><b>Anfrage<\/b><\/span><\/h3>\n<p>[\/et_pb_text][et_pb_text _builder_version=&#8220;4.27.5&#8243; _module_preset=&#8220;default&#8220; custom_padding=&#8220;||0px|||&#8220; inline_fonts=&#8220;Lato&#8220; global_colors_info=&#8220;{}&#8220;]<\/p>\n<h3 style=\"text-align: left;\"><span style=\"color: #d9a5b3;\"><span style=\"caret-color: #d9a5b3;\"><b>Einzelstunden &#8222;Funktionale Integration&#8220;<\/b><\/span><\/span><\/h3>\n<p><b><\/b><span style=\"color: #4a536b;\">Die Einzelstunde wird ganz auf deine pers\u00f6nlichen Bed\u00fcrfnisse abgestimmt.\u00a0<br \/>Wir erkunden gemeinsam deine Bewegungsmuster und entdecken neue Bewegungsm\u00f6glichkeiten.<br \/>Dauer: 45 &#8211; 60 Minuten<\/span><\/p>\n<h4><span style=\"color: #4a536b; font-family: Lato;\"><\/span><strong><span style=\"font-size: 14px;\"><span style=\"color: #4a536b;\"><strong style=\"font-size: 14px;\">Terminvereinbarungen und weitere Informationen gerne auf Anfrage.<br \/>Einzelstunde Funktionale Integration \u2026 70,- EUR (inkl. MwSt)<br \/>3er Stunden \u2013 Paket \u2026 179,- EUR (inkl. MwSt.)<br \/>6er Stunden \u2013 Paket \u2026 357,- EUR (inkl. MwSt.)<\/strong><\/span><br \/><span style=\"color: #d9a5b3;\">Es gelten die<\/span> <span style=\"color: #4a536b;\"><a href=\"https:\/\/www.heidi-feldenkrais.de\/sample-page\/?page_id=154\" style=\"color: #4a536b;\">AGBs<\/a>.<\/span><br \/><\/span><\/strong><\/h4>\n<p><span style=\"color: #4a536b;\"><\/span><\/p>\n<p><span style=\"color: #4a536b;\"><\/span><\/p>\n<p>[\/et_pb_text][\/et_pb_column][et_pb_column type=&#8220;2_5&#8243; _builder_version=&#8220;4.27.5&#8243; _module_preset=&#8220;default&#8220; global_colors_info=&#8220;{}&#8220;][et_pb_image src=&#8220;http:\/\/www.heidi-feldenkrais.de\/wp-content\/uploads\/2026\/02\/image.png&#8220; title_text=&#8220;image&#8220; url=&#8220;http:\/\/www.heidi-feldenkrais.de\/#kontakt&#8220; _builder_version=&#8220;4.27.5&#8243; _dynamic_attributes=&#8220;url&#8220; _module_preset=&#8220;default&#8220; global_colors_info=&#8220;{}&#8220;][\/et_pb_image][\/et_pb_column][\/et_pb_row][et_pb_row _builder_version=&#8220;4.27.5&#8243; _module_preset=&#8220;default&#8220; custom_margin=&#8220;-2px|auto||auto|false|false&#8220; custom_padding=&#8220;||0px|||&#8220; global_colors_info=&#8220;{}&#8220;][et_pb_column type=&#8220;4_4&#8243; _builder_version=&#8220;4.27.5&#8243; _module_preset=&#8220;default&#8220; global_colors_info=&#8220;{}&#8220;][et_pb_text _builder_version=&#8220;4.27.2&#8243; _module_preset=&#8220;default&#8220; text_font=&#8220;Lato||||||||&#8220; text_text_color=&#8220;#D9A5B3&#8243; header_text_align=&#8220;center&#8220; header_text_color=&#8220;#ED6D88&#8243; header_font_size=&#8220;45px&#8220; inline_fonts=&#8220;Lato&#8220; global_colors_info=&#8220;{}&#8220;]<\/p>\n<h1><span style=\"color: #d9a5b3;\"><strong>WORKSHOPS<\/strong><\/span><\/h1>\n<p>[\/et_pb_text][et_pb_text _builder_version=&#8220;4.27.5&#8243; _module_preset=&#8220;default&#8220; custom_padding=&#8220;||0px|||&#8220; inline_fonts=&#8220;Lato&#8220; global_colors_info=&#8220;{}&#8220;]<\/p>\n<h3 style=\"text-align: center;\"><span style=\"text-decoration: underline; color: #d9a5b3;\"><strong>\u00a0BEWEGUNG IM ALLTAG NEU ORGANISIEREN<\/strong><\/span><\/h3>\n<p>&nbsp;<\/p>\n<h4><span style=\"color: #4a536b;\">Die Workshops vermittelt einen differenzierten Zugang zu Bewegung, Haltung und Koordination im Alltag. Im Mittelpunkt steht nicht Training oder Korrektur, sondern das Verstehen und Ver\u00e4ndern von Bewegungsorganisation.<\/span><\/h4>\n<h4><span style=\"color: #d9a5b3;\"><strong><span style=\"font-family: Lato;\"><span style=\"text-decoration: underline;\">\u00a0<br \/>Koordination &amp; Kraft\u00fcbertragung im Alltag<br \/><\/span><\/span><br \/><\/strong>Samstag, den 9. Mai 2025<br \/>10:00 \u2013 15:00 Uhr<br \/>85,- EUR pro Person inklusive Getr\u00e4nke und Snacks<br \/><\/span><\/h4>\n<h4><span style=\"color: #c6d7eb;\"><strong><span style=\"font-family: Lato;\">1 freier Platz<\/span><\/strong><\/span><\/h4>\n<h4><span style=\"color: #4a536b;\">In diesem Workshop \u00fcbertragen wir die erarbeiteten Prinzipien auf funktionale Alltagsbewegungen wie Tragen, Greifen, Drehen und Aufrichten.<\/span><br \/><span style=\"color: #4a536b;\">Der Fokus liegt darauf, wie Kraft effizient durch den K\u00f6rper geleitet wird, sodass Arme und Schultern entlastet bleiben und Bewegungen koordinierter, leichter und \u00f6konomischer werden.<\/span><br \/><span style=\"color: #4a536b;\">Du lernst, Bewegungen aus Becken und Rumpf zu imitieren und Arme und H\u00e4nde sinnvoll einzubinden, statt sie isoliert arbeiten zu lassen.<\/span><br \/><span style=\"color: #4a536b;\">Du erf\u00e4hrst eine bessere Kraft\u00fcbertragung im Alltag, weniger lokale \u00dcberlastung und ein stabiles, gut organisiertes Bewegungserleben.<\/span><\/h4>\n<h4><span style=\"text-decoration: underline;\"><span style=\"color: #4a536b; text-decoration: underline;\">K\u00f6rperlicher Fokus:<\/span><\/span><br \/><span style=\"color: #4a536b;\">Becken &#8211; Rumpf &#8211; Arme -H\u00e4nde &#8211; Tragen &#8211; Greifen &#8211; Drehen &#8211; Aufrichtung<\/span><\/h4>\n<h4><span style=\"text-decoration: underline;\"><span style=\"font-family: inherit; font-weight: normal; color: #4a536b; font-size: large; text-decoration: underline;\">Was du mitnimmst:<\/span><\/span><\/h4>\n<ul>\n<li><span style=\"font-family: inherit; font-weight: normal; color: #4a536b; font-size: large;\">Ein besseres Verst\u00e4ndnis f\u00fcr Kraft\u00fcbertragung vom Rumpf in Arme und H\u00e4nde<\/span><\/li>\n<li>\n<h4><span style=\"font-size: large;\"><span style=\"color: #4a536b;\">Praktische<\/span>\u00a0<\/span><span style=\"color: #4a536b;\">Strategien f\u00fcr effizientes Tragen und Greifen im Alltag<\/span><\/h4>\n<\/li>\n<li><span style=\"font-family: inherit; font-weight: normal; color: #4a536b; font-size: large;\">Entlastung von Schultern, Armen und H\u00e4nden<\/span><\/li>\n<li><span style=\"font-family: inherit; font-weight: normal; color: #4a536b; font-size: large;\">Mehr Koordination statt unn\u00f6tiger Muskelspannung<br \/><\/span><\/li>\n<\/ul>\n<h4><span style=\"color: #4a536b;\">W\u00e4hrend des Workshops stehen Getr\u00e4nke und kleine Snacks f\u00fcr dich bereit, au\u00dferdem gibt es eine entspannte Mittagspause, um Energie zu tanken und den Austausch zu genie\u00dfen.\u00a0<\/span><\/h4>\n<h4><span style=\"color: #4a536b;\">Ich freue mich auf deine\u00a0<\/span><span><span style=\"color: #4a536b;\">Anmeldung!\u00a0<\/span><br \/><\/span><em style=\"font-size: 14px; color: #4a536b;\">Es gelten die \u00a0<strong><span style=\"color: #ffffff;\">AGB`s<\/span><\/strong><\/em><span style=\"font-size: 14px; color: #4a536b;\">\u00a0<\/span><\/h4>\n<p><em style=\"font-size: 14px; color: #4a536b;\"><strong><\/strong><\/em><\/p>\n<p><em style=\"font-size: 14px; color: #4a536b;\"><strong> <\/strong><\/em><\/p>\n<p><em style=\"font-size: 14px; color: #4a536b;\"><strong><\/strong><\/em><span style=\"color: #d9a5b3;\"><strong style=\"font-size: 18px;\"><span style=\"font-family: Lato;\"><span style=\"text-decoration: underline;\">Leicht gehen<br \/><\/span><\/span><\/strong><span style=\"font-size: 18px;\">September 2026<br \/><\/span><span style=\"font-size: 18px;\">2 t\u00e4giger Workshop in\u00a0Planung<br \/><\/span><span style=\"font-size: 18px;\">weitere Infos in K\u00fcrze<\/span><\/span><\/p>\n<p>&nbsp;<\/p>\n<h4><strong style=\"font-size: 14px; color: #4a536b;\">\u00a0<\/strong><\/h4>\n<p><span style=\"color: #4a536b;\"><\/span><\/p>\n<p>[\/et_pb_text][\/et_pb_column][\/et_pb_row][et_pb_row column_structure=&#8220;1_3,1_3,1_3&#8243; custom_padding_last_edited=&#8220;on|tablet&#8220; disabled_on=&#8220;on|on|on&#8220; _builder_version=&#8220;4.20.0&#8243; _module_preset=&#8220;default&#8220; custom_padding_tablet=&#8220;||0px||false|false&#8220; custom_padding_phone=&#8220;||0px||false|false&#8220; disabled=&#8220;on&#8220; saved_tabs=&#8220;all&#8220; global_colors_info=&#8220;{}&#8220;][et_pb_column type=&#8220;1_3&#8243; _builder_version=&#8220;4.20.0&#8243; _module_preset=&#8220;default&#8220; background_color=&#8220;RGBA(255,255,255,0)&#8220; link_option_url=&#8220;#&#8220; box_shadow_style=&#8220;preset4&#8243; box_shadow_horizontal=&#8220;0px&#8220; box_shadow_vertical=&#8220;0px&#8220; box_shadow_color=&#8220;#F9F9F9&#8243; global_colors_info=&#8220;{}&#8220; background__hover_enabled=&#8220;on|desktop&#8220; box_shadow_spread__hover_enabled=&#8220;on|hover&#8220; box_shadow_spread__hover=&#8220;20px&#8220; background_color__hover=&#8220;#F9F9F9&#8243; background_enable_color__hover=&#8220;on&#8220;][et_pb_image src=&#8220;http:\/\/www.heidi-feldenkrais.de\/wp-content\/uploads\/2023\/04\/photographer-icon-06.png&#8220; title_text=&#8220;photographer-icon-06&#8243; _builder_version=&#8220;4.20.0&#8243; _module_preset=&#8220;default&#8220; global_colors_info=&#8220;{}&#8220;][\/et_pb_image][et_pb_text _builder_version=&#8220;4.20.0&#8243; _module_preset=&#8220;a7d1f02b-7548-4837-982c-bcc777db057d&#8220; custom_margin=&#8220;||10px||false|false&#8220; global_colors_info=&#8220;{}&#8220;]<\/p>\n<h5>Portrait<\/h5>\n<p>[\/et_pb_text][et_pb_text _builder_version=&#8220;4.20.0&#8243; _module_preset=&#8220;967ba477-b758-4dea-aedb-5879a8fe6fea&#8220; global_colors_info=&#8220;{}&#8220;]Semper leo et sapien lobortis facilisis aliquam feugiat ut diam non tempus et malesuada. In non pulvinar purus.[\/et_pb_text][\/et_pb_column][et_pb_column type=&#8220;1_3&#8243; _builder_version=&#8220;4.20.0&#8243; _module_preset=&#8220;default&#8220; background_color=&#8220;RGBA(255,255,255,0)&#8220; link_option_url=&#8220;#&#8220; box_shadow_style=&#8220;preset4&#8243; box_shadow_horizontal=&#8220;0px&#8220; box_shadow_vertical=&#8220;0px&#8220; box_shadow_color=&#8220;#F9F9F9&#8243; global_colors_info=&#8220;{}&#8220; background__hover_enabled=&#8220;on|hover&#8220; box_shadow_spread__hover=&#8220;20px&#8220; box_shadow_spread__hover_enabled=&#8220;on|hover&#8220; background_color__hover=&#8220;#F9F9F9&#8243; background_enable_color__hover=&#8220;on&#8220;][et_pb_image src=&#8220;http:\/\/www.heidi-feldenkrais.de\/wp-content\/uploads\/2023\/04\/photographer-icon-05.png&#8220; title_text=&#8220;photographer-icon-05&#8243; _builder_version=&#8220;4.20.0&#8243; _module_preset=&#8220;default&#8220; global_colors_info=&#8220;{}&#8220;][\/et_pb_image][et_pb_text _builder_version=&#8220;4.20.0&#8243; _module_preset=&#8220;a7d1f02b-7548-4837-982c-bcc777db057d&#8220; custom_margin=&#8220;||10px||false|false&#8220; global_colors_info=&#8220;{}&#8220;]<\/p>\n<h5>Landscape<\/h5>\n<p>[\/et_pb_text][et_pb_text _builder_version=&#8220;4.20.0&#8243; _module_preset=&#8220;967ba477-b758-4dea-aedb-5879a8fe6fea&#8220; global_colors_info=&#8220;{}&#8220;]Fermentum nulla non justo aliquet, quis vehicula quam consequat duis ut hendrerit. Lorem ipsum dolor sit amet.[\/et_pb_text][\/et_pb_column][et_pb_column type=&#8220;1_3&#8243; _builder_version=&#8220;4.20.0&#8243; _module_preset=&#8220;default&#8220; background_color=&#8220;RGBA(255,255,255,0)&#8220; link_option_url=&#8220;#&#8220; box_shadow_style=&#8220;preset4&#8243; box_shadow_horizontal=&#8220;0px&#8220; box_shadow_vertical=&#8220;0px&#8220; box_shadow_color=&#8220;#F9F9F9&#8243; global_colors_info=&#8220;{}&#8220; background_color__hover=&#8220;#F9F9F9&#8243; background__hover_enabled=&#8220;on|hover&#8220; box_shadow_spread__hover=&#8220;20px&#8220; box_shadow_spread__hover_enabled=&#8220;on|hover&#8220; background_enable_color__hover=&#8220;on&#8220;][et_pb_image src=&#8220;http:\/\/www.heidi-feldenkrais.de\/wp-content\/uploads\/2023\/04\/photographer-icon-04.png&#8220; title_text=&#8220;photographer-icon-04&#8243; _builder_version=&#8220;4.20.0&#8243; _module_preset=&#8220;default&#8220; global_colors_info=&#8220;{}&#8220;][\/et_pb_image][et_pb_text _builder_version=&#8220;4.20.0&#8243; _module_preset=&#8220;a7d1f02b-7548-4837-982c-bcc777db057d&#8220; custom_margin=&#8220;||10px||false|false&#8220; global_colors_info=&#8220;{}&#8220;]<\/p>\n<h5>Video<\/h5>\n<p>[\/et_pb_text][et_pb_text _builder_version=&#8220;4.20.0&#8243; _module_preset=&#8220;967ba477-b758-4dea-aedb-5879a8fe6fea&#8220; global_colors_info=&#8220;{}&#8220;]Vitae consequat augue. Vivamus eget dolor vel quam condimentum sodales in bibendum odio urna sit amet.[\/et_pb_text][\/et_pb_column][\/et_pb_row][et_pb_row column_structure=&#8220;1_3,1_3,1_3&#8243; disabled_on=&#8220;on|on|on&#8220; _builder_version=&#8220;4.20.0&#8243; _module_preset=&#8220;default&#8220; disabled=&#8220;on&#8220; saved_tabs=&#8220;all&#8220; global_colors_info=&#8220;{}&#8220;][et_pb_column type=&#8220;1_3&#8243; _builder_version=&#8220;4.20.0&#8243; _module_preset=&#8220;default&#8220; background_color=&#8220;RGBA(255,255,255,0)&#8220; link_option_url=&#8220;#&#8220; box_shadow_style=&#8220;preset4&#8243; box_shadow_horizontal=&#8220;0px&#8220; box_shadow_vertical=&#8220;0px&#8220; box_shadow_color=&#8220;#F9F9F9&#8243; global_colors_info=&#8220;{}&#8220; background_color__hover=&#8220;#F9F9F9&#8243; background__hover_enabled=&#8220;on|hover&#8220; box_shadow_spread__hover=&#8220;20px&#8220; box_shadow_spread__hover_enabled=&#8220;on|hover&#8220; background_enable_color__hover=&#8220;on&#8220;][et_pb_image src=&#8220;http:\/\/www.heidi-feldenkrais.de\/wp-content\/uploads\/2023\/04\/photographer-icon-03.png&#8220; title_text=&#8220;photographer-icon-03&#8243; _builder_version=&#8220;4.20.0&#8243; _module_preset=&#8220;default&#8220; global_colors_info=&#8220;{}&#8220;][\/et_pb_image][et_pb_text _builder_version=&#8220;4.20.0&#8243; _module_preset=&#8220;a7d1f02b-7548-4837-982c-bcc777db057d&#8220; custom_margin=&#8220;||10px||false|false&#8220; global_colors_info=&#8220;{}&#8220;]<\/p>\n<h5>Retouching<\/h5>\n<p>[\/et_pb_text][et_pb_text _builder_version=&#8220;4.20.0&#8243; _module_preset=&#8220;967ba477-b758-4dea-aedb-5879a8fe6fea&#8220; global_colors_info=&#8220;{}&#8220;]In non pulvinar purus. Curabitur nisi odio, blandit et elit at, suscipit pharetra efficitur elit. Lorem ipsum dolor sit amet.[\/et_pb_text][\/et_pb_column][et_pb_column type=&#8220;1_3&#8243; _builder_version=&#8220;4.20.0&#8243; _module_preset=&#8220;default&#8220; background_color=&#8220;RGBA(255,255,255,0)&#8220; link_option_url=&#8220;#&#8220; box_shadow_style=&#8220;preset4&#8243; box_shadow_horizontal=&#8220;0px&#8220; box_shadow_vertical=&#8220;0px&#8220; box_shadow_color=&#8220;#F9F9F9&#8243; global_colors_info=&#8220;{}&#8220; background_color__hover=&#8220;#F9F9F9&#8243; background__hover_enabled=&#8220;on|hover&#8220; box_shadow_spread__hover=&#8220;20px&#8220; box_shadow_spread__hover_enabled=&#8220;on|hover&#8220; background_enable_color__hover=&#8220;on&#8220;][et_pb_image src=&#8220;http:\/\/www.heidi-feldenkrais.de\/wp-content\/uploads\/2023\/04\/photographer-icon-02.png&#8220; title_text=&#8220;photographer-icon-02&#8243; _builder_version=&#8220;4.20.0&#8243; _module_preset=&#8220;default&#8220; global_colors_info=&#8220;{}&#8220;][\/et_pb_image][et_pb_text _builder_version=&#8220;4.20.0&#8243; _module_preset=&#8220;a7d1f02b-7548-4837-982c-bcc777db057d&#8220; custom_margin=&#8220;||10px||false|false&#8220; global_colors_info=&#8220;{}&#8220;]<\/p>\n<h5>WEdding<\/h5>\n<p>[\/et_pb_text][et_pb_text _builder_version=&#8220;4.20.0&#8243; _module_preset=&#8220;967ba477-b758-4dea-aedb-5879a8fe6fea&#8220; global_colors_info=&#8220;{}&#8220;]Nisl massa, ultrices vitae ornare sit amet, ultricies eget orci. Sed vitae nulla et justo pellentesque congue nec eu risus.[\/et_pb_text][\/et_pb_column][et_pb_column type=&#8220;1_3&#8243; _builder_version=&#8220;4.20.0&#8243; _module_preset=&#8220;default&#8220; background_color=&#8220;RGBA(255,255,255,0)&#8220; link_option_url=&#8220;#&#8220; box_shadow_style=&#8220;preset4&#8243; box_shadow_horizontal=&#8220;0px&#8220; box_shadow_vertical=&#8220;0px&#8220; box_shadow_color=&#8220;#F9F9F9&#8243; global_colors_info=&#8220;{}&#8220; background_color__hover=&#8220;#F9F9F9&#8243; background__hover_enabled=&#8220;on|hover&#8220; box_shadow_spread__hover=&#8220;20px&#8220; box_shadow_spread__hover_enabled=&#8220;on|hover&#8220; background_enable_color__hover=&#8220;on&#8220;][et_pb_image src=&#8220;http:\/\/www.heidi-feldenkrais.de\/wp-content\/uploads\/2023\/04\/photographer-icon-01.png&#8220; title_text=&#8220;photographer-icon-01&#8243; _builder_version=&#8220;4.20.0&#8243; _module_preset=&#8220;default&#8220; global_colors_info=&#8220;{}&#8220;][\/et_pb_image][et_pb_text _builder_version=&#8220;4.20.0&#8243; _module_preset=&#8220;a7d1f02b-7548-4837-982c-bcc777db057d&#8220; custom_margin=&#8220;||10px||false|false&#8220; global_colors_info=&#8220;{}&#8220;]<\/p>\n<h5>Drone<\/h5>\n<p>[\/et_pb_text][et_pb_text _builder_version=&#8220;4.20.0&#8243; _module_preset=&#8220;967ba477-b758-4dea-aedb-5879a8fe6fea&#8220; global_colors_info=&#8220;{}&#8220;]Ac feugiat ante. Donec ultricies lobortis eros, nec auctor nisl semper ultricies. Aliquam sodales nulla dolor.[\/et_pb_text][\/et_pb_column][\/et_pb_row][\/et_pb_section][et_pb_section fb_built=&#8220;1&#8243; fullwidth=&#8220;on&#8220; _builder_version=&#8220;4.27.5&#8243; _module_preset=&#8220;default&#8220; background_image=&#8220;http:\/\/www.heidi-feldenkrais.de\/wp-content\/uploads\/2024\/02\/9IMG_5850-scaled.jpg&#8220; global_colors_info=&#8220;{}&#8220;][et_pb_fullwidth_slider show_arrows=&#8220;off&#8220; show_pagination=&#8220;off&#8220; _builder_version=&#8220;4.27.5&#8243; _module_preset=&#8220;default&#8220; header_text_color=&#8220;#FFFFFF&#8220; body_font=&#8220;Lato||||||||&#8220; body_text_color=&#8220;#C6D7EB&#8220; background_image=&#8220;http:\/\/www.heidi-feldenkrais.de\/wp-content\/uploads\/2024\/02\/9IMG_5850-scaled.jpg&#8220; global_colors_info=&#8220;{}&#8220;][et_pb_slide _builder_version=&#8220;4.27.5&#8243; _module_preset=&#8220;default&#8220; header_level=&#8220;h3&#8243; header_font=&#8220;||||||||&#8220; header_text_color=&#8220;#D9A5B3&#8243; header_font_size=&#8220;77px&#8220; body_font=&#8220;Sacramento||||||||&#8220; body_text_color=&#8220;#C6D7EB&#8220; body_font_size=&#8220;32px&#8220; background_color=&#8220;#FFFFFF&#8220; background_enable_color=&#8220;on&#8220; background_image=&#8220;http:\/\/www.heidi-feldenkrais.de\/wp-content\/uploads\/2024\/02\/16IMG_5886-scaled.jpg&#8220; background_enable_image=&#8220;on&#8220; global_colors_info=&#8220;{}&#8220; sticky_transition=&#8220;on&#8220;]<\/p>\n<p style=\"text-align: right;\">\n<p style=\"text-align: left;\">[\/et_pb_slide][et_pb_slide heading=&#8220;A N G E B O T&#8220; _builder_version=&#8220;4.27.5&#8243; _module_preset=&#8220;default&#8220; header_level=&#8220;h3&#8243; header_font=&#8220;||||||||&#8220; header_text_color=&#8220;#D9A5B3&#8243; header_font_size=&#8220;77px&#8220; body_font=&#8220;Sacramento||||||||&#8220; body_text_color=&#8220;#C6D7EB&#8220; body_font_size=&#8220;32px&#8220; background_color=&#8220;#FFFFFF&#8220; background_enable_color=&#8220;on&#8220; background_image=&#8220;http:\/\/www.heidi-feldenkrais.de\/wp-content\/uploads\/2024\/02\/20IMG_5920-scaled.jpg&#8220; background_enable_image=&#8220;on&#8220; global_colors_info=&#8220;{}&#8220; sticky_transition=&#8220;on&#8220;]<\/p>\n<p style=\"text-align: right;\">\u00a0&#8222;Alles Leben ist Bewegung. Beweglicher<br \/>werden hei\u00dft lebendiger werden:<br \/>K\u00f6rperlich, geistig und seelisch.&#8220;<br \/>Mosh\u00e9 Feldenkrais<\/p>\n<p style=\"text-align: left;\">[\/et_pb_slide][\/et_pb_fullwidth_slider][\/et_pb_section][et_pb_section fb_built=&#8220;1&#8243; disabled_on=&#8220;on|on|on&#8220; admin_label=&#8220;Testimonials&#8220; _builder_version=&#8220;4.27.5&#8243; _module_preset=&#8220;default&#8220; background_color=&#8220;#D9A5B3&#8243; disabled=&#8220;on&#8220; locked=&#8220;off&#8220; collapsed=&#8220;on&#8220; global_colors_info=&#8220;{}&#8220;][et_pb_row disabled_on=&#8220;off|off|off&#8220; _builder_version=&#8220;4.27.5&#8243; _module_preset=&#8220;default&#8220; background_color=&#8220;#D9A5B3&#8243; min_height=&#8220;638.5px&#8220; custom_margin=&#8220;26px|auto||auto||&#8220; global_colors_info=&#8220;{}&#8220;][et_pb_column type=&#8220;4_4&#8243; _builder_version=&#8220;4.24.0&#8243; _module_preset=&#8220;default&#8220; background_color=&#8220;#CABFB7&#8243; global_colors_info=&#8220;{}&#8220;][et_pb_slider disabled_on=&#8220;off|off|off&#8220; _builder_version=&#8220;4.27.5&#8243; _module_preset=&#8220;19f8bee2-fd94-4e94-a420-da73d66b6206&#8243; body_text_color=&#8220;#4D4E4A&#8220; border_width_top=&#8220;1px&#8220; text_shadow_color=&#8220;#4A536B&#8220; locked=&#8220;off&#8220; global_colors_info=&#8220;{%22gcid-8b50368a-c64a-42be-b110-e2137ab417d1%22:%91%22header_text_color%22,%22header_text_color%22,%22header_text_color%22%93,%22gcid-e6f8585f-043d-4f05-ad96-fb05b9e45208%22:%91%22body_text_color%22,%22border_color_all%22,%22border_color_all%22%93}&#8220;][et_pb_slide heading=&#8220;Anette Zehle&#8220; _builder_version=&#8220;4.27.5&#8243; _module_preset=&#8220;default&#8220; header_text_color=&#8220;#4A536B&#8220; body_font=&#8220;|600|||||||&#8220; body_text_color=&#8220;#4A536B&#8220; background_color=&#8220;#D9A5B3&#8243; background_enable_color=&#8220;on&#8220; locked=&#8220;off&#8220; global_colors_info=&#8220;{}&#8220; sticky_transition=&#8220;on&#8220;]<\/p>\n<p>&#8222;Feldenkrais ist f\u00fcr mich ein Weg, um meinen eigenen K\u00f6rper zu bewohnen. Bei mir anzukommen und mich zu Sp\u00fcren in meiner Leichtigkeit und Beweglichkeit.&#8220;<\/p>\n<p>[\/et_pb_slide][et_pb_slide heading=&#8220;Frau A.&#8220; _builder_version=&#8220;4.27.5&#8243; _module_preset=&#8220;default&#8220; header_text_color=&#8220;#4A536B&#8220; body_font=&#8220;|600|||||||&#8220; body_text_color=&#8220;#4A536B&#8220; background_color=&#8220;#D9A5B3&#8243; background_enable_color=&#8220;on&#8220; locked=&#8220;off&#8220; global_colors_info=&#8220;{}&#8220; sticky_transition=&#8220;on&#8220;]<\/p>\n<p>&#8222;Vor der Feldenkraisstunde wusste mein rechtes Bein nicht wo es hingeh\u00f6rt. Jetzt, nach der Stunde, wei\u00df es wieder wo sein Platz ist.&#8220;<\/p>\n<p>[\/et_pb_slide][et_pb_slide heading=&#8220;Andrea Schadt&#8220; _builder_version=&#8220;4.27.5&#8243; _module_preset=&#8220;default&#8220; header_text_color=&#8220;#4A536B&#8220; body_font=&#8220;|600|||||||&#8220; body_text_color=&#8220;#4A536B&#8220; background_color=&#8220;#D9A5B3&#8243; background_enable_color=&#8220;on&#8220; locked=&#8220;off&#8220; global_colors_info=&#8220;{}&#8220; sticky_transition=&#8220;on&#8220;]<\/p>\n<p>&#8220; Wie leicht Bewegung eigentlich geht und die Zusammenh\u00e4nge im K\u00f6rper ersp\u00fcren&#8230; &#8222;diese Leichtigkeit&#8220; wiedererleben. Das ist f\u00fcr mich die Faszination Feldenkrais, verbunden mit einer tiefen Entspannung nach der Stunde und oft auch einer deutlichen Schmerzlinderung.&#8220;<\/p>\n<p>[\/et_pb_slide][et_pb_slide heading=&#8220;Herr W.&#8220; _builder_version=&#8220;4.27.5&#8243; _module_preset=&#8220;default&#8220; header_text_color=&#8220;#4A536B&#8220; body_font=&#8220;|600|||||||&#8220; body_text_color=&#8220;#4A536B&#8220; background_color=&#8220;#D9A5B3&#8243; background_enable_color=&#8220;on&#8220; locked=&#8220;off&#8220; global_colors_info=&#8220;{}&#8220; sticky_transition=&#8220;on&#8220;]<\/p>\n<p>&#8222;Ich glaube mich hat der Boden verschluckt.&#8220;<\/p>\n<p>(nach der Feldenkraisstunde)<\/p>\n<p>[\/et_pb_slide][et_pb_slide heading=&#8220;Anja, Yogalehrerin&#8220; _builder_version=&#8220;4.27.5&#8243; _module_preset=&#8220;default&#8220; header_text_color=&#8220;#4A536B&#8220; body_text_color=&#8220;#4A536B&#8220; background_color=&#8220;#D9A5B3&#8243; background_enable_color=&#8220;on&#8220; locked=&#8220;off&#8220; global_colors_info=&#8220;{}&#8220; sticky_transition=&#8220;on&#8220;]<\/p>\n<p>Eine Stunde Feldenkrais bei Heidi f\u00fchlt sich an wie ein Kurzurlaub: schon bei den ersten Worten, die sie spricht kommt man voll auf der Matte an. Die Erkl\u00e4rungen sind pr\u00e4zise und die Stunde sehr harmonisch, so dasss man wunderbar dabei abschalten kann und sich voll und ganz auf den K\u00f6rper konzentriert. Das Beste ist dann der \u00dcberraschungsmoment am Ende der Stunde: aufstehen und sp\u00fcren was sich ver\u00e4ndert hat &#8211; mal ganz leichte Schultern, mal ganz fest und stabil stehen&#8230;<br \/>Ich kann die Gruppenstunden bei Heidi allen sehr empfehlen, die auf der Suche nach einem K\u00f6rpertraining der ganz besonderen Art sind.<\/p>\n<p>[\/et_pb_slide][\/et_pb_slider][\/et_pb_column][\/et_pb_row][\/et_pb_section][et_pb_section fb_built=&#8220;1&#8243; disabled_on=&#8220;on|on|on&#8220; admin_label=&#8220;Footer&#8220; _builder_version=&#8220;4.20.0&#8243; _module_preset=&#8220;default&#8220; background_color=&#8220;#000000&#8243; disabled=&#8220;on&#8220; saved_tabs=&#8220;all&#8220; collapsed=&#8220;on&#8220; global_colors_info=&#8220;{}&#8220;][et_pb_row _builder_version=&#8220;4.20.0&#8243; _module_preset=&#8220;default&#8220; global_colors_info=&#8220;{}&#8220;][et_pb_column type=&#8220;4_4&#8243; _builder_version=&#8220;4.20.0&#8243; _module_preset=&#8220;default&#8220; global_colors_info=&#8220;{}&#8220;][et_pb_text _builder_version=&#8220;4.20.0&#8243; _module_preset=&#8220;18a9d8c9-563a-46f0-8eb1-77615403db53&#8243; header_2_text_color=&#8220;#FFFFFF&#8220; text_orientation=&#8220;center&#8220; global_colors_info=&#8220;{}&#8220;]<\/p>\n<h2>Let\u2019s make something amazing together<\/h2>\n<p>[\/et_pb_text][et_pb_contact_form captcha=&#8220;off&#8220; _builder_version=&#8220;4.20.0&#8243; _module_preset=&#8220;685cdd67-7bc1-46f3-b32c-faa49fc93f5f&#8220; max_width=&#8220;700px&#8220; module_alignment=&#8220;center&#8220; locked=&#8220;off&#8220; global_colors_info=&#8220;{}&#8220;][et_pb_contact_field field_id=&#8220;Name&#8220; field_title=&#8220;Name&#8220; fullwidth_field=&#8220;on&#8220; _builder_version=&#8220;4.16&#8243; _module_preset=&#8220;default&#8220; global_colors_info=&#8220;{}&#8220; button_text_size__hover_enabled=&#8220;off&#8220; button_one_text_size__hover_enabled=&#8220;off&#8220; button_two_text_size__hover_enabled=&#8220;off&#8220; button_text_color__hover_enabled=&#8220;off&#8220; button_one_text_color__hover_enabled=&#8220;off&#8220; button_two_text_color__hover_enabled=&#8220;off&#8220; button_border_width__hover_enabled=&#8220;off&#8220; button_one_border_width__hover_enabled=&#8220;off&#8220; button_two_border_width__hover_enabled=&#8220;off&#8220; button_border_color__hover_enabled=&#8220;off&#8220; button_one_border_color__hover_enabled=&#8220;off&#8220; button_two_border_color__hover_enabled=&#8220;off&#8220; button_border_radius__hover_enabled=&#8220;off&#8220; button_one_border_radius__hover_enabled=&#8220;off&#8220; button_two_border_radius__hover_enabled=&#8220;off&#8220; button_letter_spacing__hover_enabled=&#8220;off&#8220; button_one_letter_spacing__hover_enabled=&#8220;off&#8220; button_two_letter_spacing__hover_enabled=&#8220;off&#8220; button_bg_color__hover_enabled=&#8220;off&#8220; button_one_bg_color__hover_enabled=&#8220;off&#8220; button_two_bg_color__hover_enabled=&#8220;off&#8220;][\/et_pb_contact_field][et_pb_contact_field field_id=&#8220;Email&#8220; field_title=&#8220;Email Address&#8220; field_type=&#8220;email&#8220; fullwidth_field=&#8220;on&#8220; _builder_version=&#8220;4.16&#8243; _module_preset=&#8220;default&#8220; global_colors_info=&#8220;{}&#8220; button_text_size__hover_enabled=&#8220;off&#8220; button_one_text_size__hover_enabled=&#8220;off&#8220; button_two_text_size__hover_enabled=&#8220;off&#8220; button_text_color__hover_enabled=&#8220;off&#8220; button_one_text_color__hover_enabled=&#8220;off&#8220; button_two_text_color__hover_enabled=&#8220;off&#8220; button_border_width__hover_enabled=&#8220;off&#8220; button_one_border_width__hover_enabled=&#8220;off&#8220; button_two_border_width__hover_enabled=&#8220;off&#8220; button_border_color__hover_enabled=&#8220;off&#8220; button_one_border_color__hover_enabled=&#8220;off&#8220; button_two_border_color__hover_enabled=&#8220;off&#8220; button_border_radius__hover_enabled=&#8220;off&#8220; button_one_border_radius__hover_enabled=&#8220;off&#8220; button_two_border_radius__hover_enabled=&#8220;off&#8220; button_letter_spacing__hover_enabled=&#8220;off&#8220; button_one_letter_spacing__hover_enabled=&#8220;off&#8220; button_two_letter_spacing__hover_enabled=&#8220;off&#8220; button_bg_color__hover_enabled=&#8220;off&#8220; button_one_bg_color__hover_enabled=&#8220;off&#8220; button_two_bg_color__hover_enabled=&#8220;off&#8220;][\/et_pb_contact_field][et_pb_contact_field field_id=&#8220;Message&#8220; field_title=&#8220;Message&#8220; field_type=&#8220;text&#8220; fullwidth_field=&#8220;on&#8220; _builder_version=&#8220;4.16&#8243; _module_preset=&#8220;default&#8220; global_colors_info=&#8220;{}&#8220; button_text_size__hover_enabled=&#8220;off&#8220; button_one_text_size__hover_enabled=&#8220;off&#8220; button_two_text_size__hover_enabled=&#8220;off&#8220; button_text_color__hover_enabled=&#8220;off&#8220; button_one_text_color__hover_enabled=&#8220;off&#8220; button_two_text_color__hover_enabled=&#8220;off&#8220; button_border_width__hover_enabled=&#8220;off&#8220; button_one_border_width__hover_enabled=&#8220;off&#8220; button_two_border_width__hover_enabled=&#8220;off&#8220; button_border_color__hover_enabled=&#8220;off&#8220; button_one_border_color__hover_enabled=&#8220;off&#8220; button_two_border_color__hover_enabled=&#8220;off&#8220; button_border_radius__hover_enabled=&#8220;off&#8220; button_one_border_radius__hover_enabled=&#8220;off&#8220; button_two_border_radius__hover_enabled=&#8220;off&#8220; button_letter_spacing__hover_enabled=&#8220;off&#8220; button_one_letter_spacing__hover_enabled=&#8220;off&#8220; button_two_letter_spacing__hover_enabled=&#8220;off&#8220; button_bg_color__hover_enabled=&#8220;off&#8220; button_one_bg_color__hover_enabled=&#8220;off&#8220; button_two_bg_color__hover_enabled=&#8220;off&#8220;][\/et_pb_contact_field][\/et_pb_contact_form][et_pb_social_media_follow _builder_version=&#8220;4.20.0&#8243; _module_preset=&#8220;default&#8220; text_orientation=&#8220;center&#8220; text_orientation_tablet=&#8220;left&#8220; text_orientation_last_edited=&#8220;off|desktop&#8220; border_radii=&#8220;on|100px|100px|100px|100px&#8220; border_width_all=&#8220;1px&#8220; border_color_all=&#8220;#FFFFFF&#8220; locked=&#8220;off&#8220; global_colors_info=&#8220;{}&#8220;][et_pb_social_media_follow_network social_network=&#8220;facebook&#8220; _builder_version=&#8220;4.20.0&#8243; _module_preset=&#8220;default&#8220; custom_padding=&#8220;4px|4px|4px|4px|true|true&#8220; global_colors_info=&#8220;{}&#8220; follow_button=&#8220;off&#8220; url_new_window=&#8220;on&#8220;]facebook[\/et_pb_social_media_follow_network][et_pb_social_media_follow_network social_network=&#8220;twitter&#8220; _builder_version=&#8220;4.20.0&#8243; _module_preset=&#8220;default&#8220; custom_padding=&#8220;4px|4px|4px|4px|true|true&#8220; global_colors_info=&#8220;{}&#8220; follow_button=&#8220;off&#8220; url_new_window=&#8220;on&#8220;]twitter[\/et_pb_social_media_follow_network][et_pb_social_media_follow_network social_network=&#8220;instagram&#8220; _builder_version=&#8220;4.20.0&#8243; _module_preset=&#8220;default&#8220; custom_padding=&#8220;4px|4px|4px|4px|true|true&#8220; global_colors_info=&#8220;{}&#8220; follow_button=&#8220;off&#8220; url_new_window=&#8220;on&#8220;]instagram[\/et_pb_social_media_follow_network][\/et_pb_social_media_follow][\/et_pb_column][\/et_pb_row][et_pb_row column_structure=&#8220;1_3,1_3,1_3&#8243; _builder_version=&#8220;4.20.0&#8243; _module_preset=&#8220;default&#8220; border_color_all=&#8220;gcid-e6f8585f-043d-4f05-ad96-fb05b9e45208&#8243; border_width_top=&#8220;1px&#8220; global_colors_info=&#8220;{%22gcid-e6f8585f-043d-4f05-ad96-fb05b9e45208%22:%91%22border_color_all%22%93}&#8220;][et_pb_column type=&#8220;1_3&#8243; _builder_version=&#8220;4.20.0&#8243; _module_preset=&#8220;default&#8220; global_colors_info=&#8220;{}&#8220;][et_pb_text _builder_version=&#8220;4.20.0&#8243; _module_preset=&#8220;a7d1f02b-7548-4837-982c-bcc777db057d&#8220; header_5_text_color=&#8220;#FFFFFF&#8220; custom_margin=&#8220;||0px||false|false&#8220; text_orientation_tablet=&#8220;center&#8220; text_orientation_phone=&#8220;&#8220; text_orientation_last_edited=&#8220;on|tablet&#8220; global_colors_info=&#8220;{}&#8220;]<\/p>\n<h5>Location<\/h5>\n<p>[\/et_pb_text][et_pb_text _builder_version=&#8220;4.20.0&#8243; _module_preset=&#8220;967ba477-b758-4dea-aedb-5879a8fe6fea&#8220; link_text_color=&#8220;gcid-e6f8585f-043d-4f05-ad96-fb05b9e45208&#8243; text_orientation_tablet=&#8220;center&#8220; text_orientation_phone=&#8220;&#8220; text_orientation_last_edited=&#8220;on|tablet&#8220; global_colors_info=&#8220;{%22gcid-e6f8585f-043d-4f05-ad96-fb05b9e45208%22:%91%22link_text_color%22%93}&#8220;]<\/p>\n<p>San Francisco, CA<\/p>\n<p>[\/et_pb_text][\/et_pb_column][et_pb_column type=&#8220;1_3&#8243; _builder_version=&#8220;4.20.0&#8243; _module_preset=&#8220;default&#8220; global_colors_info=&#8220;{}&#8220;][et_pb_text _builder_version=&#8220;4.20.0&#8243; _module_preset=&#8220;a7d1f02b-7548-4837-982c-bcc777db057d&#8220; header_5_text_color=&#8220;#FFFFFF&#8220; text_orientation=&#8220;center&#8220; custom_margin=&#8220;||0px||false|false&#8220; global_colors_info=&#8220;{}&#8220;]<\/p>\n<h5>Phone<\/h5>\n<p>[\/et_pb_text][et_pb_text _builder_version=&#8220;4.20.0&#8243; _module_preset=&#8220;967ba477-b758-4dea-aedb-5879a8fe6fea&#8220; link_text_color=&#8220;gcid-e6f8585f-043d-4f05-ad96-fb05b9e45208&#8243; text_orientation=&#8220;center&#8220; global_colors_info=&#8220;{%22gcid-e6f8585f-043d-4f05-ad96-fb05b9e45208%22:%91%22link_text_color%22%93}&#8220;]<\/p>\n<p>(255) 352-6258<\/p>\n<p>[\/et_pb_text][\/et_pb_column][et_pb_column type=&#8220;1_3&#8243; _builder_version=&#8220;4.20.0&#8243; _module_preset=&#8220;default&#8220; global_colors_info=&#8220;{}&#8220;][et_pb_text _builder_version=&#8220;4.20.0&#8243; _module_preset=&#8220;a7d1f02b-7548-4837-982c-bcc777db057d&#8220; header_5_text_color=&#8220;#FFFFFF&#8220; text_orientation=&#8220;right&#8220; custom_margin=&#8220;||0px||false|false&#8220; text_orientation_tablet=&#8220;center&#8220; text_orientation_phone=&#8220;&#8220; text_orientation_last_edited=&#8220;on|tablet&#8220; global_colors_info=&#8220;{}&#8220;]<\/p>\n<h5>Email<\/h5>\n<p>[\/et_pb_text][et_pb_text _builder_version=&#8220;4.20.0&#8243; _module_preset=&#8220;967ba477-b758-4dea-aedb-5879a8fe6fea&#8220; link_text_color=&#8220;gcid-e6f8585f-043d-4f05-ad96-fb05b9e45208&#8243; text_orientation=&#8220;right&#8220; text_orientation_tablet=&#8220;center&#8220; text_orientation_phone=&#8220;&#8220; text_orientation_last_edited=&#8220;on|tablet&#8220; global_colors_info=&#8220;{%22gcid-e6f8585f-043d-4f05-ad96-fb05b9e45208%22:%91%22link_text_color%22%93}&#8220;]<a href=\"mailto:#\">hello@diviphotographer.com<\/a>[\/et_pb_text][\/et_pb_column][\/et_pb_row][\/et_pb_section]<\/p>\n","protected":false},"excerpt":{"rendered":"<p>\u00a0&#8222;Alles Leben ist Bewegung. Beweglicherwerden hei\u00dft lebendiger werden:K\u00f6rperlich, geistig und seelisch.&#8220;Mosh\u00e9 Feldenkrais \u00a0&#8222;Alles Leben ist Bewegung. Beweglicherwerden hei\u00dft lebendiger werden:K\u00f6rperlich, geistig und seelisch.&#8220;Mosh\u00e9 Feldenkrais Gruppen- Kurse &#8222;Bewusstheit durch Bewegung&#8220; In kleinen Gruppen erforschen wir w\u00f6chentlich Bewegung mit Aufmerksamkeit und Pr\u00e4senz f\u00fcr deine pers\u00f6nlichen Erfahrungen.Langsame, bewusste Bewegungen laden dich ein, zu sp\u00fcren, wie Bewegung sich anf\u00fchlt [&hellip;]<\/p>\n","protected":false},"author":1,"featured_media":0,"parent":0,"menu_order":0,"comment_status":"closed","ping_status":"closed","template":"","meta":{"_et_pb_use_builder":"on","_et_pb_old_content":"<!-- wp:heading {\"level\":1} -->\n<h1 class=\"wp-block-heading\">Angebot<\/h1>\n<!-- \/wp:heading -->\n\n<!-- wp:paragraph -->\n<p>Die Kurse finden w\u00f6chentlich statt, au\u00dfer in den baden- w\u00fcrttembergischen Schulferien.<br>In der Regel dauert eine Feldenkrais- Lektion eine Stunde plus\/minus 15 Minuten.<br>Ein Einstieg in laufende Kurse und eine Kennenlern-Stunde ist nach Absprache jederzeit m\u00f6glich.&nbsp;<br>Es gelten die&nbsp;<a href=\"https:\/\/www.heidi-feldenkrais.de\/wp-admin\/post.php?post=154&amp;action=edit\">AGBs.<\/a><\/p>\n<!-- \/wp:paragraph -->\n\n<!-- wp:heading {\"level\":4} -->\n<h4 class=\"wp-block-heading\"><strong>aktuelle Kurse und Termine in Sch\u00f6mberg<\/strong><\/h4>\n<!-- \/wp:heading -->\n\n<!-- wp:paragraph -->\n<p><strong>Juni\/Juli<\/strong>:<\/p>\n<!-- \/wp:paragraph -->\n\n<!-- wp:paragraph -->\n<p><strong>Mittwoch<\/strong>:&nbsp;<strong>9.30- 10.30Uhr<\/strong>&nbsp;in Sch\u00f6mberg<strong>&nbsp;<\/strong><br>14.06.23, 21.06.23, 28.06.23, 05.07.23, 12.07.23&nbsp;<br><strong>Kursgeb\u00fchr: 75,-Euro\/ Teilnehmer ( 5Termine)<\/strong><br>(alle Preise inkl. 19%MwSt.)<\/p>\n<!-- \/wp:paragraph -->\n\n<!-- wp:paragraph -->\n<p><strong>Donnerstag<\/strong>:&nbsp;<strong>18- 19 Uhr<\/strong>&nbsp;in Sch\u00f6mberg&nbsp;<br>15.6.23, 22.6.23, 29.6.23, 6.7.23&nbsp;&nbsp;<br><strong>Kursgeb\u00fchr: 60,-Euro\/ Teilnehmer ( 4Termine)<\/strong><br>(alle Preise inkl. 19%MwSt.)<\/p>\n<!-- \/wp:paragraph -->\n\n<!-- wp:paragraph -->\n<p><strong>August\/September<\/strong><\/p>\n<!-- \/wp:paragraph -->\n\n<!-- wp:paragraph -->\n<p><strong>Mittwoch<\/strong>:&nbsp;<strong>9-10 Uhr<\/strong>&nbsp;und&nbsp;<strong>18-19 Uhr<\/strong>&nbsp;in Sch\u00f6mberg&nbsp;<br>30.08.23, 6.09.23, 13.09.23, 20.09.23, 27.09.23, 4.10.23<br><strong>Kursgeb\u00fchr: 90,-Euro\/ Teilnehmer ( 6Termine)<\/strong><br>(alle Preise inkl. 19%MwSt.)<\/p>\n<!-- \/wp:paragraph -->\n\n<!-- wp:paragraph -->\n<p><strong>Mittwoch<\/strong>&nbsp; <strong>9-10 Uhr<\/strong>&nbsp;und&nbsp;<strong>18- 19 Uhr<\/strong>&nbsp;in Sch\u00f6mberg<br>13.09.23, 20.09.23, 27.09.23, 4.10.23<br><strong>Kursgeb\u00fchr: 60,-Euro\/ Teilnehmer ( 4Termine)<\/strong><br>(alle Preise inkl. 19%MwSt.)<\/p>\n<!-- \/wp:paragraph -->\n\n<!-- wp:paragraph -->\n<p><strong>Der Kursort f\u00fcr alle genannten Termine ist:<\/strong><br>Poststrasse 44<br>75328 Sch\u00f6mberg<\/p>\n<!-- \/wp:paragraph -->\n\n<!-- wp:paragraph -->\n<p><strong>Mitzubringen sind<\/strong>\u2026&nbsp;<br>eine Decke, warme Kleidung, Wollsocken, 2 kleine Handt\u00fccher als Kopfunterlage und Lust am Lernen, Ausprobieren und Entdecken.&nbsp;<\/p>\n<!-- \/wp:paragraph -->\n\n<!-- wp:paragraph -->\n<p><strong>Anmeldung nehme ich gerne per&nbsp;<a href=\"http:\/\/www.heidi-feldenkrais.de\/sample-page\/\">E-Mail<\/a>&nbsp;oder&nbsp;<a href=\"http:\/\/www.heidi-feldenkrais.de\/sample-page\/\">mobil<\/a>&nbsp;entgegen.<\/strong><\/p>\n<!-- \/wp:paragraph -->\n\n<!-- wp:paragraph -->\n<p><strong>ICH FREUE MICH AUF DICH :-)!<\/strong><\/p>\n<!-- \/wp:paragraph -->\n\n<!-- wp:heading -->\n<h2 class=\"wp-block-heading\"><\/h2>\n<!-- \/wp:heading -->\n\n<!-- wp:heading {\"level\":4} -->\n<h4 class=\"wp-block-heading\"><strong>Workshops im September<\/strong><\/h4>\n<!-- \/wp:heading -->\n\n<!-- wp:paragraph -->\n<p id=\"block-1b2f849a-78e2-4d57-9fe1-69982dd68eb5\">F\u00fcr ALLE, die Feldenkrais kennenlernen m\u00f6chten.<br>Und JEDEN der seine Kenntnisse vertiefen m\u00f6chte.<br><br>Samstag, 16.09.23 oder Sonntag, 17.09.23, 10-13 Uhr<br><em><strong>Feldenkrais kennenlernen &amp; vertiefen<\/strong><\/em><br><br>Samstag, 23.09.23, 10-13 Uhr<br><strong><em>leichte Schultern<\/em><\/strong><br><br>Samstag, 30.09.23, 10-13 Uhr<br><strong>beweglicher Brustkorb<\/strong><\/p>\n<!-- \/wp:paragraph -->\n\n<!-- wp:paragraph -->\n<p><strong>Mitzubringen sind<\/strong>\u2026&nbsp;<br>eine Decke, warme Kleidung, Wollsocken, 2 kleine Handt\u00fccher als Kopfunterlage und Lust am Lernen, Ausprobieren und Entdecken.&nbsp;<br><br><strong>Workshop-Geb\u00fchr 45,- Euro\/Teilnehmer.<\/strong><br>(Alle Preise inkl. 19% MwSt. Es gelten die&nbsp;<a href=\"https:\/\/www.heidi-feldenkrais.de\/wp-admin\/post.php?post=154&amp;action=edit\">AGBs<\/a>.)<br><br><strong>Der Kursort f\u00fcr alle genannten Termine ist:<\/strong><br>Poststrasse 44<br>75328 Sch\u00f6mberg<br><br><strong>Anmeldung nehme ich gerne per&nbsp;<a href=\"http:\/\/www.heidi-feldenkrais.de\/sample-page\/\">E-Mail<\/a>&nbsp;oder&nbsp;<a href=\"http:\/\/www.heidi-feldenkrais.de\/sample-page\/\">mobil<\/a>&nbsp;entgegen.<\/strong><\/p>\n<!-- \/wp:paragraph -->\n\n<!-- wp:paragraph -->\n<p><strong>ICH FREUE MICH AUF DICH :-)!<\/strong><\/p>\n<!-- \/wp:paragraph -->\n\n<!-- wp:image {\"id\":380} -->\n<figure class=\"wp-block-image\"><img src=\"https:\/\/www.heidi-feldenkrais.de\/wp-content\/uploads\/2023\/04\/Logo_Heidi_mit_Slogan_weiss-klein.png\" alt=\"Heidi Zimmermann Feldenkrais - Sch\u00f6mberg bei Pforzheim\" class=\"wp-image-380\"\/><\/figure>\n<!-- \/wp:image -->\n\n<!-- wp:image {\"id\":377,\"linkDestination\":\"custom\"} -->\n<figure class=\"wp-block-image\"><a href=\"https:\/\/www.feldenkrais.de\"><img src=\"https:\/\/www.heidi-feldenkrais.de\/wp-content\/uploads\/2023\/04\/Feldenkrais-transparent-weiss-300x229.png\" alt=\"Feldenkrais-Methode FVD\" class=\"wp-image-377\"\/><\/a><\/figure>\n<!-- \/wp:image -->\n\n<!-- wp:list -->\n<ul id=\"menu-footer-unten\"><!-- wp:list-item -->\n<li><a href=\"https:\/\/www.heidi-feldenkrais.de\/sample-page\/?page_id=13\">Impressum<\/a><\/li>\n<!-- \/wp:list-item -->\n\n<!-- wp:list-item -->\n<li><a href=\"https:\/\/www.heidi-feldenkrais.de\/sample-page\/?page_id=3\">Datenschutz<\/a><\/li>\n<!-- \/wp:list-item -->\n\n<!-- wp:list-item -->\n<li><a href=\"https:\/\/www.heidi-feldenkrais.de\/sample-page\/?page_id=154\">AGB<\/a><\/li>\n<!-- \/wp:list-item --><\/ul>\n<!-- \/wp:list -->","_et_gb_content_width":"","footnotes":""},"class_list":["post-468","page","type-page","status-publish","hentry"],"_links":{"self":[{"href":"https:\/\/www.heidi-feldenkrais.de\/sample-page\/index.php?rest_route=\/wp\/v2\/pages\/468","targetHints":{"allow":["GET"]}}],"collection":[{"href":"https:\/\/www.heidi-feldenkrais.de\/sample-page\/index.php?rest_route=\/wp\/v2\/pages"}],"about":[{"href":"https:\/\/www.heidi-feldenkrais.de\/sample-page\/index.php?rest_route=\/wp\/v2\/types\/page"}],"author":[{"embeddable":true,"href":"https:\/\/www.heidi-feldenkrais.de\/sample-page\/index.php?rest_route=\/wp\/v2\/users\/1"}],"replies":[{"embeddable":true,"href":"https:\/\/www.heidi-feldenkrais.de\/sample-page\/index.php?rest_route=%2Fwp%2Fv2%2Fcomments&post=468"}],"version-history":[{"count":9,"href":"https:\/\/www.heidi-feldenkrais.de\/sample-page\/index.php?rest_route=\/wp\/v2\/pages\/468\/revisions"}],"predecessor-version":[{"id":2093,"href":"https:\/\/www.heidi-feldenkrais.de\/sample-page\/index.php?rest_route=\/wp\/v2\/pages\/468\/revisions\/2093"}],"wp:attachment":[{"href":"https:\/\/www.heidi-feldenkrais.de\/sample-page\/index.php?rest_route=%2Fwp%2Fv2%2Fmedia&parent=468"}],"curies":[{"name":"wp","href":"https:\/\/api.w.org\/{rel}","templated":true}]}}