{"id":41,"date":"2023-04-12T18:30:58","date_gmt":"2023-04-12T16:30:58","guid":{"rendered":"http:\/\/heidi-feldenkrais.de\/?page_id=41"},"modified":"2026-01-13T20:31:32","modified_gmt":"2026-01-13T19:31:32","slug":"feldenkrais-in-grundschule-und-kita","status":"publish","type":"page","link":"https:\/\/www.heidi-feldenkrais.de\/sample-page\/?page_id=41","title":{"rendered":"Schule\/Kita"},"content":{"rendered":"<p>[et_pb_section fb_built=&#8220;1&#8243; fullwidth=&#8220;on&#8220; _builder_version=&#8220;4.23.1&#8243; _module_preset=&#8220;default&#8220; global_colors_info=&#8220;{}&#8220;][et_pb_fullwidth_slider show_arrows=&#8220;off&#8220; show_pagination=&#8220;off&#8220; _builder_version=&#8220;4.27.4&#8243; _module_preset=&#8220;default&#8220; global_colors_info=&#8220;{}&#8220;][et_pb_slide heading=&#8220;S C H U L E  &#038;  K I T A&#8220; _builder_version=&#8220;4.27.4&#8243; _module_preset=&#8220;default&#8220; header_font=&#8220;||||||||&#8220; header_text_color=&#8220;#D9A5B3&#8243; header_font_size=&#8220;72px&#8220; body_font=&#8220;Sacramento||||||||&#8220; body_text_color=&#8220;#FFFFFF&#8220; body_font_size=&#8220;28px&#8220; background_color=&#8220;#C6D7EB&#8220; background_enable_color=&#8220;on&#8220; background_image=&#8220;http:\/\/www.heidi-feldenkrais.de\/wp-content\/uploads\/2023\/04\/IMG_7791.jpg&#8220; background_enable_image=&#8220;on&#8220; global_colors_info=&#8220;{}&#8220; sticky_transition=&#8220;on&#8220;]<\/p>\n<p style=\"padding-left: 160px; text-align: center;\">\n<p>&#8222;Zu erlernen, wie man neue Fertigkeiten lernt, scheint mir wichtiger als diese Fertigkeit selbst.&#8220;<br \/>Mosh\u00e9 Feldenkrais<\/p>\n<p>[\/et_pb_slide][\/et_pb_fullwidth_slider][\/et_pb_section][et_pb_section fb_built=&#8220;1&#8243; admin_label=&#8220;Header&#8220; _builder_version=&#8220;4.27.5&#8243; _module_preset=&#8220;default&#8220; background_color=&#8220;#F5F1ED&#8220; hover_enabled=&#8220;0&#8243; collapsed=&#8220;on&#8220; global_colors_info=&#8220;{}&#8220; sticky_enabled=&#8220;0&#8243;][et_pb_row _builder_version=&#8220;4.23.1&#8243; _module_preset=&#8220;default&#8220; global_colors_info=&#8220;{}&#8220;][et_pb_column type=&#8220;4_4&#8243; _builder_version=&#8220;4.23.1&#8243; _module_preset=&#8220;default&#8220; global_colors_info=&#8220;{}&#8220;][et_pb_text _builder_version=&#8220;4.23.1&#8243; _module_preset=&#8220;default&#8220; inline_fonts=&#8220;Lato&#8220; global_colors_info=&#8220;{}&#8220;]<\/p>\n<h1><span style=\"color: #4a536b; font-family: Lato; font-weight: normal;\"><span style=\"font-size: 16px;\">Auf Anfrage komme ich gerne in ihre Grundschulklasse, den Kindergarten oder ihre Spielgruppe und unterrichte die Kinder in ca. 10-15 min\u00fctigen Feldenkrais- Lektionen, die f\u00fcr Kinder dieser Altersgruppe entwickelt wurden. Da ich die Lektionen zum Teil durch Vormachen anleite und mit meiner Konzentration bei der Bewegung bin ist es wichtig, dass die Lehrperson mit anwesend ist und den Rahmen h\u00e4lt.<\/span>.<\/span><\/h1>\n<p>[\/et_pb_text][\/et_pb_column][\/et_pb_row][et_pb_row column_structure=&#8220;2_5,3_5&#8243; _builder_version=&#8220;4.23.1&#8243; _module_preset=&#8220;default&#8220; global_colors_info=&#8220;{}&#8220;][et_pb_column type=&#8220;2_5&#8243; _builder_version=&#8220;4.23.1&#8243; _module_preset=&#8220;default&#8220; global_colors_info=&#8220;{}&#8220;][et_pb_image src=&#8220;http:\/\/www.heidi-feldenkrais.de\/wp-content\/uploads\/2023\/04\/IMG_7792.jpg&#8220; alt=&#8220;Feldenkrais Schule Kita Sch\u00f6mberg Pforzheim&#8220; title_text=&#8220;IMG_7792&#8243; _builder_version=&#8220;4.24.0&#8243; _module_preset=&#8220;default&#8220; global_colors_info=&#8220;{}&#8220;][\/et_pb_image][\/et_pb_column][et_pb_column type=&#8220;3_5&#8243; _builder_version=&#8220;4.23.1&#8243; _module_preset=&#8220;default&#8220; global_colors_info=&#8220;{}&#8220;][et_pb_text _builder_version=&#8220;4.23.1&#8243; _module_preset=&#8220;default&#8220; inline_fonts=&#8220;Lato&#8220; global_colors_info=&#8220;{}&#8220;]<\/p>\n<h3><span style=\"font-family: Lato; font-weight: normal; color: #d9a5b3;\"><strong>WIE PROFITIEREN DIE KINDER VON FELDENKRAIS?<\/strong><\/span><\/h3>\n<ul>\n<li>\n<h3><span style=\"font-family: Lato; font-weight: normal; color: #4a536b;\">macht Kinder stark<\/span><\/h3>\n<\/li>\n<li>\n<h3><span style=\"font-family: Lato; font-weight: normal; color: #4a536b;\">sie lernen sich selber mit ihren Wahrnehmungen und Empfindungen zu vertrauen<\/span><\/h3>\n<\/li>\n<li>\n<h3><span style=\"font-family: Lato; font-weight: normal; color: #4a536b;\">sp\u00fcren was ihnen wichtig ist<\/span><\/h3>\n<\/li>\n<li>\n<h3><span style=\"font-family: Lato; font-weight: normal; color: #4a536b;\">lernen eigene Entscheidungen zu treffen<\/span><\/h3>\n<\/li>\n<li>\n<h3><span style=\"font-family: Lato; font-weight: normal; color: #4a536b;\">unterst\u00fctzt jeden Lernprozess<\/span><\/h3>\n<\/li>\n<li>\n<h3><span style=\"font-family: Lato; font-weight: normal; color: #4a536b;\">formt die F\u00e4higkeit sich achtsam und bewusst zu bewegen<\/span><\/h3>\n<\/li>\n<li>\n<h3><span style=\"font-family: Lato; font-weight: normal; color: #4a536b;\">verbessert Motorik und Koordination<\/span><\/h3>\n<\/li>\n<li>\n<h3><span style=\"font-family: Lato; font-weight: normal; color: #4a536b;\">formt das eigene Denken<\/span><\/h3>\n<\/li>\n<li>\n<h3><span style=\"font-family: Lato; font-weight: normal; color: #4a536b;\">f\u00f6rdert soziale F\u00e4higkeiten<\/span><\/h3>\n<\/li>\n<\/ul>\n<p>[\/et_pb_text][\/et_pb_column][\/et_pb_row][et_pb_row column_structure=&#8220;2_3,1_3&#8243; _builder_version=&#8220;4.23.1&#8243; _module_preset=&#8220;default&#8220; global_colors_info=&#8220;{}&#8220;][et_pb_column type=&#8220;2_3&#8243; _builder_version=&#8220;4.23.1&#8243; _module_preset=&#8220;default&#8220; global_colors_info=&#8220;{}&#8220;][et_pb_text _builder_version=&#8220;4.23.1&#8243; _module_preset=&#8220;default&#8220; inline_fonts=&#8220;Lato&#8220; global_colors_info=&#8220;{}&#8220;]<\/p>\n<h3 class=\"has-medium-font-size\"><span style=\"font-family: Lato; font-weight: normal; color: #d9a5b3;\"><strong>R\u00fcckmeldungen aus bisherigen Kursen mit Kindern:<\/strong><\/span><\/h3>\n<ul>\n<li>\n<h3><span style=\"font-family: Lato; font-weight: normal; color: #4a536b;\">es macht den Kindern Spass<\/span><\/h3>\n<\/li>\n<li>\n<h3><span style=\"font-family: Lato; font-weight: normal; color: #4a536b;\">es gibt kein Richtig und Falsch<\/span><\/h3>\n<\/li>\n<li>\n<h3><span style=\"font-family: Lato; font-weight: normal; color: #4a536b;\">die Kinder bemerken Ver\u00e4nderungen an sich<\/span><\/h3>\n<\/li>\n<li>\n<h3><span style=\"font-family: Lato; font-weight: normal; color: #4a536b;\">nach der Feldenkraislektion sind die Kinder ruhiger<\/span><\/h3>\n<\/li>\n<li>\n<h3><span style=\"font-family: Lato; font-weight: normal; color: #4a536b;\">es wurde viel gelacht<\/span><\/h3>\n<\/li>\n<li>\n<h3><span style=\"font-family: Lato; font-weight: normal; color: #4a536b;\">weniger Fehler im Diktat<\/span><\/h3>\n<\/li>\n<li>\n<h3><span style=\"font-family: Lato; font-weight: normal; color: #4a536b;\">verbesserte Grob- und Feinmotorik<\/span><\/h3>\n<\/li>\n<li>\n<h3><span style=\"font-family: Lato; font-weight: normal; color: #4a536b;\">&#8222;Mein ganzer K\u00f6rper f\u00fchlt sich w\u00e4rmer an.&#8220; Hannes, 2.Klasse<\/span><\/h3>\n<\/li>\n<\/ul>\n<p>[\/et_pb_text][\/et_pb_column][et_pb_column type=&#8220;1_3&#8243; _builder_version=&#8220;4.23.1&#8243; _module_preset=&#8220;default&#8220; global_colors_info=&#8220;{}&#8220;][et_pb_image src=&#8220;http:\/\/www.heidi-feldenkrais.de\/wp-content\/uploads\/2023\/12\/image3.jpeg&#8220; alt=&#8220;Feldenkrais Schule Kita Kinder Gesundheit Bewegung&#8220; title_text=&#8220;image3&#8243; _builder_version=&#8220;4.23.1&#8243; _module_preset=&#8220;default&#8220; global_colors_info=&#8220;{}&#8220;][\/et_pb_image][\/et_pb_column][\/et_pb_row][et_pb_row _builder_version=&#8220;4.27.5&#8243; _module_preset=&#8220;default&#8220; background_color=&#8220;#F5F1ED&#8220; hover_enabled=&#8220;0&#8243; global_colors_info=&#8220;{}&#8220; sticky_enabled=&#8220;0&#8243;][et_pb_column type=&#8220;4_4&#8243; _builder_version=&#8220;4.27.5&#8243; _module_preset=&#8220;default&#8220; background_color=&#8220;#C6D7EB&#8220; global_colors_info=&#8220;{}&#8220;][et_pb_text _builder_version=&#8220;4.27.2&#8243; _module_preset=&#8220;default&#8220; text_text_color=&#8220;#ED6D88&#8243; background_color=&#8220;#C6D7EB&#8220; border_color_top=&#8220;#FFFFFF&#8220; global_colors_info=&#8220;{}&#8220;]<\/p>\n<blockquote>\n<h2 style=\"text-align: center;\"><span style=\"color: #d9a5b3;\">Das Lernen funktioniert (wie bei Erwachsenen) immer dann am Besten, wenn es &#8222;ein bisschen unter die Haut geht&#8220;, wenn also die emotionalen Zentren im Gehirn aktiviert werden und all jenen Botenstoffe vermehrt gebildet werden, die das Kn\u00fcpfen neuer Verbindungen zwischen den Nervenzellen f\u00f6rdern.<\/span><br \/><span style=\"color: #d9a5b3;\">(Prof. Dr. Gerald H\u00fcther)<\/span><\/h2>\n<\/blockquote>\n<p>[\/et_pb_text][\/et_pb_column][\/et_pb_row][\/et_pb_section][et_pb_section fb_built=&#8220;1&#8243; disabled_on=&#8220;on|on|on&#8220; admin_label=&#8220;Footer&#8220; _builder_version=&#8220;4.20.0&#8243; _module_preset=&#8220;default&#8220; background_color=&#8220;#000000&#8243; disabled=&#8220;on&#8220; saved_tabs=&#8220;all&#8220; collapsed=&#8220;on&#8220; global_colors_info=&#8220;{}&#8220;][et_pb_row _builder_version=&#8220;4.20.0&#8243; _module_preset=&#8220;default&#8220; global_colors_info=&#8220;{}&#8220;][et_pb_column type=&#8220;4_4&#8243; _builder_version=&#8220;4.20.0&#8243; _module_preset=&#8220;default&#8220; global_colors_info=&#8220;{}&#8220;][\/et_pb_column][\/et_pb_row][et_pb_row _builder_version=&#8220;4.20.0&#8243; _module_preset=&#8220;default&#8220; global_colors_info=&#8220;{}&#8220;][et_pb_column type=&#8220;4_4&#8243; _builder_version=&#8220;4.20.0&#8243; _module_preset=&#8220;default&#8220; global_colors_info=&#8220;{}&#8220;][et_pb_text _builder_version=&#8220;4.20.0&#8243; _module_preset=&#8220;e07f5eb2-8a3b-4da3-a0aa-015e64235f0e&#8220; header_2_text_color=&#8220;#FFFFFF&#8220; text_orientation=&#8220;center&#8220; global_colors_info=&#8220;{}&#8220;]<\/p>\n<h2>Let\u2019s make something amazing together<\/h2>\n<p>[\/et_pb_text][et_pb_contact_form captcha=&#8220;off&#8220; _builder_version=&#8220;4.20.0&#8243; _module_preset=&#8220;7725da51-f57f-46ea-ba43-25cce285e07e&#8220; max_width=&#8220;700px&#8220; module_alignment=&#8220;center&#8220; locked=&#8220;off&#8220; global_colors_info=&#8220;{}&#8220;][et_pb_contact_field field_id=&#8220;Name&#8220; field_title=&#8220;Name&#8220; fullwidth_field=&#8220;on&#8220; _builder_version=&#8220;4.16&#8243; _module_preset=&#8220;default&#8220; global_colors_info=&#8220;{}&#8220; button_text_size__hover_enabled=&#8220;off&#8220; button_one_text_size__hover_enabled=&#8220;off&#8220; button_two_text_size__hover_enabled=&#8220;off&#8220; button_text_color__hover_enabled=&#8220;off&#8220; button_one_text_color__hover_enabled=&#8220;off&#8220; button_two_text_color__hover_enabled=&#8220;off&#8220; button_border_width__hover_enabled=&#8220;off&#8220; button_one_border_width__hover_enabled=&#8220;off&#8220; button_two_border_width__hover_enabled=&#8220;off&#8220; button_border_color__hover_enabled=&#8220;off&#8220; button_one_border_color__hover_enabled=&#8220;off&#8220; button_two_border_color__hover_enabled=&#8220;off&#8220; button_border_radius__hover_enabled=&#8220;off&#8220; button_one_border_radius__hover_enabled=&#8220;off&#8220; button_two_border_radius__hover_enabled=&#8220;off&#8220; button_letter_spacing__hover_enabled=&#8220;off&#8220; button_one_letter_spacing__hover_enabled=&#8220;off&#8220; button_two_letter_spacing__hover_enabled=&#8220;off&#8220; button_bg_color__hover_enabled=&#8220;off&#8220; button_one_bg_color__hover_enabled=&#8220;off&#8220; button_two_bg_color__hover_enabled=&#8220;off&#8220;][\/et_pb_contact_field][et_pb_contact_field field_id=&#8220;Email&#8220; field_title=&#8220;Email Address&#8220; field_type=&#8220;email&#8220; fullwidth_field=&#8220;on&#8220; _builder_version=&#8220;4.16&#8243; _module_preset=&#8220;default&#8220; global_colors_info=&#8220;{}&#8220; button_text_size__hover_enabled=&#8220;off&#8220; button_one_text_size__hover_enabled=&#8220;off&#8220; button_two_text_size__hover_enabled=&#8220;off&#8220; button_text_color__hover_enabled=&#8220;off&#8220; button_one_text_color__hover_enabled=&#8220;off&#8220; button_two_text_color__hover_enabled=&#8220;off&#8220; button_border_width__hover_enabled=&#8220;off&#8220; button_one_border_width__hover_enabled=&#8220;off&#8220; button_two_border_width__hover_enabled=&#8220;off&#8220; button_border_color__hover_enabled=&#8220;off&#8220; button_one_border_color__hover_enabled=&#8220;off&#8220; button_two_border_color__hover_enabled=&#8220;off&#8220; button_border_radius__hover_enabled=&#8220;off&#8220; button_one_border_radius__hover_enabled=&#8220;off&#8220; button_two_border_radius__hover_enabled=&#8220;off&#8220; button_letter_spacing__hover_enabled=&#8220;off&#8220; button_one_letter_spacing__hover_enabled=&#8220;off&#8220; button_two_letter_spacing__hover_enabled=&#8220;off&#8220; button_bg_color__hover_enabled=&#8220;off&#8220; button_one_bg_color__hover_enabled=&#8220;off&#8220; button_two_bg_color__hover_enabled=&#8220;off&#8220;][\/et_pb_contact_field][et_pb_contact_field field_id=&#8220;Message&#8220; field_title=&#8220;Message&#8220; field_type=&#8220;text&#8220; fullwidth_field=&#8220;on&#8220; _builder_version=&#8220;4.16&#8243; _module_preset=&#8220;default&#8220; global_colors_info=&#8220;{}&#8220; button_text_size__hover_enabled=&#8220;off&#8220; button_one_text_size__hover_enabled=&#8220;off&#8220; button_two_text_size__hover_enabled=&#8220;off&#8220; button_text_color__hover_enabled=&#8220;off&#8220; button_one_text_color__hover_enabled=&#8220;off&#8220; button_two_text_color__hover_enabled=&#8220;off&#8220; button_border_width__hover_enabled=&#8220;off&#8220; button_one_border_width__hover_enabled=&#8220;off&#8220; button_two_border_width__hover_enabled=&#8220;off&#8220; button_border_color__hover_enabled=&#8220;off&#8220; button_one_border_color__hover_enabled=&#8220;off&#8220; button_two_border_color__hover_enabled=&#8220;off&#8220; button_border_radius__hover_enabled=&#8220;off&#8220; button_one_border_radius__hover_enabled=&#8220;off&#8220; button_two_border_radius__hover_enabled=&#8220;off&#8220; button_letter_spacing__hover_enabled=&#8220;off&#8220; button_one_letter_spacing__hover_enabled=&#8220;off&#8220; button_two_letter_spacing__hover_enabled=&#8220;off&#8220; button_bg_color__hover_enabled=&#8220;off&#8220; button_one_bg_color__hover_enabled=&#8220;off&#8220; button_two_bg_color__hover_enabled=&#8220;off&#8220;][\/et_pb_contact_field][\/et_pb_contact_form][et_pb_social_media_follow _builder_version=&#8220;4.20.0&#8243; _module_preset=&#8220;default&#8220; text_orientation=&#8220;center&#8220; text_orientation_tablet=&#8220;left&#8220; text_orientation_last_edited=&#8220;off|desktop&#8220; border_radii=&#8220;on|100px|100px|100px|100px&#8220; border_width_all=&#8220;1px&#8220; border_color_all=&#8220;#FFFFFF&#8220; locked=&#8220;off&#8220; global_colors_info=&#8220;{}&#8220;][et_pb_social_media_follow_network social_network=&#8220;facebook&#8220; _builder_version=&#8220;4.20.0&#8243; _module_preset=&#8220;default&#8220; custom_padding=&#8220;4px|4px|4px|4px|true|true&#8220; global_colors_info=&#8220;{}&#8220; follow_button=&#8220;off&#8220; url_new_window=&#8220;on&#8220;]facebook[\/et_pb_social_media_follow_network][et_pb_social_media_follow_network social_network=&#8220;twitter&#8220; _builder_version=&#8220;4.20.0&#8243; _module_preset=&#8220;default&#8220; custom_padding=&#8220;4px|4px|4px|4px|true|true&#8220; global_colors_info=&#8220;{}&#8220; follow_button=&#8220;off&#8220; url_new_window=&#8220;on&#8220;]twitter[\/et_pb_social_media_follow_network][et_pb_social_media_follow_network social_network=&#8220;instagram&#8220; _builder_version=&#8220;4.20.0&#8243; _module_preset=&#8220;default&#8220; custom_padding=&#8220;4px|4px|4px|4px|true|true&#8220; global_colors_info=&#8220;{}&#8220; follow_button=&#8220;off&#8220; url_new_window=&#8220;on&#8220;]instagram[\/et_pb_social_media_follow_network][\/et_pb_social_media_follow][\/et_pb_column][\/et_pb_row][et_pb_row column_structure=&#8220;1_3,1_3,1_3&#8243; _builder_version=&#8220;4.20.0&#8243; _module_preset=&#8220;default&#8220; border_color_all=&#8220;gcid-e6f8585f-043d-4f05-ad96-fb05b9e45208&#8243; border_width_top=&#8220;1px&#8220; global_colors_info=&#8220;{%22gcid-e6f8585f-043d-4f05-ad96-fb05b9e45208%22:%91%22border_color_all%22%93}&#8220;][et_pb_column type=&#8220;1_3&#8243; _builder_version=&#8220;4.20.0&#8243; _module_preset=&#8220;default&#8220; global_colors_info=&#8220;{}&#8220;][et_pb_text _builder_version=&#8220;4.20.0&#8243; _module_preset=&#8220;5e1b7ccf-9e62-45f9-9001-78ade493a62f&#8220; header_5_text_color=&#8220;#FFFFFF&#8220; custom_margin=&#8220;||0px||false|false&#8220; text_orientation_tablet=&#8220;center&#8220; text_orientation_phone=&#8220;&#8220; text_orientation_last_edited=&#8220;on|tablet&#8220; global_colors_info=&#8220;{}&#8220;]<\/p>\n<h5>Location<\/h5>\n<p>[\/et_pb_text][et_pb_text _builder_version=&#8220;4.20.0&#8243; _module_preset=&#8220;56646fcd-610d-4c7e-890a-29e875bc029e&#8220; link_text_color=&#8220;gcid-e6f8585f-043d-4f05-ad96-fb05b9e45208&#8243; text_orientation_tablet=&#8220;center&#8220; text_orientation_phone=&#8220;&#8220; text_orientation_last_edited=&#8220;on|tablet&#8220; global_colors_info=&#8220;{%22gcid-e6f8585f-043d-4f05-ad96-fb05b9e45208%22:%91%22link_text_color%22%93}&#8220;]<\/p>\n<p>San Francisco, CA<\/p>\n<p>[\/et_pb_text][\/et_pb_column][et_pb_column type=&#8220;1_3&#8243; _builder_version=&#8220;4.20.0&#8243; _module_preset=&#8220;default&#8220; global_colors_info=&#8220;{}&#8220;][et_pb_text _builder_version=&#8220;4.20.0&#8243; _module_preset=&#8220;5e1b7ccf-9e62-45f9-9001-78ade493a62f&#8220; header_5_text_color=&#8220;#FFFFFF&#8220; text_orientation=&#8220;center&#8220; custom_margin=&#8220;||0px||false|false&#8220; global_colors_info=&#8220;{}&#8220;]<\/p>\n<h5>Phone<\/h5>\n<p>[\/et_pb_text][et_pb_text _builder_version=&#8220;4.20.0&#8243; _module_preset=&#8220;56646fcd-610d-4c7e-890a-29e875bc029e&#8220; link_text_color=&#8220;gcid-e6f8585f-043d-4f05-ad96-fb05b9e45208&#8243; text_orientation=&#8220;center&#8220; global_colors_info=&#8220;{%22gcid-e6f8585f-043d-4f05-ad96-fb05b9e45208%22:%91%22link_text_color%22%93}&#8220;]<\/p>\n<p>(255) 352-6258<\/p>\n<p>[\/et_pb_text][\/et_pb_column][et_pb_column type=&#8220;1_3&#8243; _builder_version=&#8220;4.20.0&#8243; _module_preset=&#8220;default&#8220; global_colors_info=&#8220;{}&#8220;][et_pb_text _builder_version=&#8220;4.20.0&#8243; _module_preset=&#8220;5e1b7ccf-9e62-45f9-9001-78ade493a62f&#8220; header_5_text_color=&#8220;#FFFFFF&#8220; text_orientation=&#8220;right&#8220; custom_margin=&#8220;||0px||false|false&#8220; text_orientation_tablet=&#8220;center&#8220; text_orientation_phone=&#8220;&#8220; text_orientation_last_edited=&#8220;on|tablet&#8220; global_colors_info=&#8220;{}&#8220;]<\/p>\n<h5>Email<\/h5>\n<p>[\/et_pb_text][et_pb_text _builder_version=&#8220;4.20.0&#8243; _module_preset=&#8220;56646fcd-610d-4c7e-890a-29e875bc029e&#8220; link_text_color=&#8220;gcid-e6f8585f-043d-4f05-ad96-fb05b9e45208&#8243; text_orientation=&#8220;right&#8220; text_orientation_tablet=&#8220;center&#8220; text_orientation_phone=&#8220;&#8220; text_orientation_last_edited=&#8220;on|tablet&#8220; global_colors_info=&#8220;{%22gcid-e6f8585f-043d-4f05-ad96-fb05b9e45208%22:%91%22link_text_color%22%93}&#8220;]<a href=\"mailto:#\">hello@diviphotographer.com<\/a>[\/et_pb_text][\/et_pb_column][\/et_pb_row][\/et_pb_section]<\/p>\n","protected":false},"excerpt":{"rendered":"<p>&#8222;Zu erlernen, wie man neue Fertigkeiten lernt, scheint mir wichtiger als diese Fertigkeit selbst.&#8220;Mosh\u00e9 FeldenkraisAuf Anfrage komme ich gerne in ihre Grundschulklasse, den Kindergarten oder ihre Spielgruppe und unterrichte die Kinder in ca. 10-15 min\u00fctigen Feldenkrais- Lektionen, die f\u00fcr Kinder dieser Altersgruppe entwickelt wurden. Da ich die Lektionen zum Teil durch Vormachen anleite und mit [&hellip;]<\/p>\n","protected":false},"author":1,"featured_media":0,"parent":0,"menu_order":0,"comment_status":"closed","ping_status":"closed","template":"","meta":{"_et_pb_use_builder":"on","_et_pb_old_content":"<!-- wp:quote -->\n<blockquote class=\"wp-block-quote\"><!-- wp:paragraph -->\n<p>\"<em><strong>Das Lernen funktioniert bei Kindern (wie bei Erwachsenen) immer dann am Besten, wenn es ein \"bisschen unter die Haut\" geht, wenn also die emotionalen Zentren im Gehirn aktiviert werden und all jene Botenstoffe vermehrt gebildet und freigesetzt werden, die das Kn\u00fcpfen neuer Verbindungen zwischen den Nervenzellen f\u00f6rdern. \" <\/strong><\/em><\/p>\n<!-- \/wp:paragraph --><cite>(Prof. Dr. Gerald H\u00fcther)<\/cite><\/blockquote>\n<!-- \/wp:quote -->\n\n<!-- wp:paragraph -->\n<p>Auf Anfrage komme ich gerne ihre Schulklasse, den Kindergarten oder ihre Spielgruppe und unterrichte die Kinder in ca. 10-15 min\u00fctigen Feldenkrais- Lektionen, die f\u00fcr Kinder dieser Altersgruppe entwickelt wurden. Da ich die Lektionen zum Teil durch Vormachen anleite und mit meiner Konzentration bei der Bewegung bin ist es wichtig, dass die Lehrperson mit anwesend ist und den Rahmen h\u00e4lt.<\/p>\n<!-- \/wp:paragraph -->\n\n<!-- wp:paragraph {\"fontSize\":\"medium\"} -->\n<p class=\"has-medium-font-size\">Wie profitieren die Kinder von der Feldenkraismethode?<\/p>\n<!-- \/wp:paragraph -->\n\n<!-- wp:list -->\n<ul><!-- wp:list-item -->\n<li>macht Kinder stark<\/li>\n<!-- \/wp:list-item -->\n\n<!-- wp:list-item -->\n<li>sie lernen sich selber mit ihren Wahrnehmungen und Empfindungen zu vertrauen<\/li>\n<!-- \/wp:list-item -->\n\n<!-- wp:list-item -->\n<li>sp\u00fcren was ihnen wichtig ist<\/li>\n<!-- \/wp:list-item -->\n\n<!-- wp:list-item -->\n<li>lernen eigene Entscheidungen zu treffen<\/li>\n<!-- \/wp:list-item -->\n\n<!-- wp:list-item -->\n<li>unterst\u00fctzt jeden Lernprozess<\/li>\n<!-- \/wp:list-item -->\n\n<!-- wp:list-item -->\n<li>formt die F\u00e4higkeit sich achtsam und bewusst zu bewegen<\/li>\n<!-- \/wp:list-item -->\n\n<!-- wp:list-item -->\n<li>verbessert Motorik und Koordination<\/li>\n<!-- \/wp:list-item -->\n\n<!-- wp:list-item -->\n<li>formt das eigene Denken<\/li>\n<!-- \/wp:list-item -->\n\n<!-- wp:list-item -->\n<li>f\u00f6rdert soziale F\u00e4higkeiten<\/li>\n<!-- \/wp:list-item -->\n\n<!-- wp:list-item -->\n<li>...<\/li>\n<!-- \/wp:list-item --><\/ul>\n<!-- \/wp:list -->\n\n<!-- wp:paragraph -->\n<p>Mein Angebot sind fortlaufende Kurse, bei denen ich einmal in der Woche in der Kindergruppe bin, Projekttage oder -wochen.<\/p>\n<!-- \/wp:paragraph -->\n\n<!-- wp:paragraph {\"fontSize\":\"medium\"} -->\n<p class=\"has-medium-font-size\">R\u00fcckmeldungen aus bisherigen Kursen mit Kindern...<\/p>\n<!-- \/wp:paragraph -->\n\n<!-- wp:list -->\n<ul><!-- wp:list-item -->\n<li>es macht den Kindern Spass <\/li>\n<!-- \/wp:list-item -->\n\n<!-- wp:list-item -->\n<li>es gibt kein Richtig und Falsch<\/li>\n<!-- \/wp:list-item -->\n\n<!-- wp:list-item -->\n<li>die Kinder bemerken Ver\u00e4nderungen an sich<\/li>\n<!-- \/wp:list-item -->\n\n<!-- wp:list-item -->\n<li>nach der Feldenkraislektion sind die Kinder ruhiger<\/li>\n<!-- \/wp:list-item -->\n\n<!-- wp:list-item -->\n<li>es wurde viel gelacht<\/li>\n<!-- \/wp:list-item -->\n\n<!-- wp:list-item -->\n<li>weniger Fehler im Diktat<\/li>\n<!-- \/wp:list-item -->\n\n<!-- wp:list-item -->\n<li>verbesserte Grob- und Feinmotorik<\/li>\n<!-- \/wp:list-item -->\n\n<!-- wp:list-item -->\n<li>....<\/li>\n<!-- \/wp:list-item --><\/ul>\n<!-- \/wp:list -->","_et_gb_content_width":"","footnotes":""},"class_list":["post-41","page","type-page","status-publish","hentry"],"_links":{"self":[{"href":"https:\/\/www.heidi-feldenkrais.de\/sample-page\/index.php?rest_route=\/wp\/v2\/pages\/41","targetHints":{"allow":["GET"]}}],"collection":[{"href":"https:\/\/www.heidi-feldenkrais.de\/sample-page\/index.php?rest_route=\/wp\/v2\/pages"}],"about":[{"href":"https:\/\/www.heidi-feldenkrais.de\/sample-page\/index.php?rest_route=\/wp\/v2\/types\/page"}],"author":[{"embeddable":true,"href":"https:\/\/www.heidi-feldenkrais.de\/sample-page\/index.php?rest_route=\/wp\/v2\/users\/1"}],"replies":[{"embeddable":true,"href":"https:\/\/www.heidi-feldenkrais.de\/sample-page\/index.php?rest_route=%2Fwp%2Fv2%2Fcomments&post=41"}],"version-history":[{"count":10,"href":"https:\/\/www.heidi-feldenkrais.de\/sample-page\/index.php?rest_route=\/wp\/v2\/pages\/41\/revisions"}],"predecessor-version":[{"id":1943,"href":"https:\/\/www.heidi-feldenkrais.de\/sample-page\/index.php?rest_route=\/wp\/v2\/pages\/41\/revisions\/1943"}],"wp:attachment":[{"href":"https:\/\/www.heidi-feldenkrais.de\/sample-page\/index.php?rest_route=%2Fwp%2Fv2%2Fmedia&parent=41"}],"curies":[{"name":"wp","href":"https:\/\/api.w.org\/{rel}","templated":true}]}}